{"id":715,"date":"2024-08-14T21:37:45","date_gmt":"2024-08-15T00:37:45","guid":{"rendered":"https:\/\/www.alfaterm.com.br\/?post_type=pagina-interna&#038;p=715"},"modified":"2024-08-14T21:38:06","modified_gmt":"2024-08-15T00:38:06","slug":"geracao-de-energia","status":"publish","type":"pagina-interna","link":"https:\/\/www.alfaterm.com.br\/es\/aplicacoes-e-servicos\/generacion-de-energia\/","title":{"rendered":"La generaci\u00f3n de energ\u00eda"},"content":{"rendered":"<p>Las centrales el\u00e9ctricas que producen energ\u00eda a partir de fuentes de energ\u00eda renovables, como el agua en las centrales hidroel\u00e9ctricas, el viento en las plantas de energ\u00eda e\u00f3lica y la energ\u00eda y el calor del sol en las plantas de energ\u00eda solar, y tambi\u00e9n, a partir de fuentes de energ\u00eda renovables, como el petr\u00f3leo, el carb\u00f3n y el gas natural en las centrales t\u00e9rmicas.<\/p>\n\n\n\n<p>Que hay cerca de 9.525 las plantas de generaci\u00f3n de energ\u00eda el\u00e9ctrica en todo el territorio nacional, y en el sur se destaca, que representan alrededor del 63% de la capacidad instalada, con un movimiento anual superior a los 195 millones de euros.<\/p>\n\n\n\n<p>En el sector de la e\u00f3lica genera alrededor de 60 mil puestos de trabajo, directos e indirectos, mientras que en el sector hidroel\u00e9ctrico, emplea a alrededor de 144 mil personas, por lo que a nivel mundial la generaci\u00f3n de energ\u00eda renovable, que emplea a m\u00e1s de 11.5 millones de personas, y que cuenta con una capacidad instalada de 2.799 GW (gigawatts).<\/p>\n\n\n\n<p>Las torres de enfriamiento son muy necesarios para las instalaciones de generaci\u00f3n de energ\u00eda, como, por ejemplo, en las centrales t\u00e9rmicas, en el que el agua se utiliza para enfriar el vapor de agua producido en la combusti\u00f3n de los combustibles f\u00f3siles, haciendo girar las turbinas que generan la energ\u00eda el\u00e9ctrica.<\/p>","protected":false},"featured_media":720,"parent":0,"template":"","meta":{"_acf_changed":false},"categoria-de-pagina":[10],"class_list":["post-715","pagina-interna","type-pagina-interna","status-publish","has-post-thumbnail","hentry","categoria-de-pagina-aplicacoes"],"acf":[],"yoast_head":"<!-- This site is optimized with the Yoast SEO Premium plugin v23.4 (Yoast SEO v27.1.1) - https:\/\/yoast.com\/product\/yoast-seo-premium-wordpress\/ -->\n<title>Gera\u00e7\u00e3o de energia - Bem-vindo \u00e0 ALFATERM<\/title>\n<meta name=\"robots\" content=\"index, follow, max-snippet:-1, max-image-preview:large, max-video-preview:-1\" \/>\n<link rel=\"canonical\" href=\"https:\/\/www.alfaterm.com.br\/es\/aplicacoes-e-servicos\/generacion-de-energia\/\" \/>\n<meta property=\"og:locale\" content=\"es_ES\" \/>\n<meta property=\"og:type\" content=\"article\" \/>\n<meta property=\"og:title\" content=\"Gera\u00e7\u00e3o de energia\" \/>\n<meta property=\"og:description\" content=\"As centrais geradoras produzem energia a partir de fontes renov\u00e1veis como a \u00e1gua em usinas hidrel\u00e9tricas, os ventos em usinas e\u00f3licas, e a luz e calor solar em usinas solares, e tamb\u00e9m, a partir de fontes n\u00e3o-renov\u00e1veis como o petr\u00f3leo, o carv\u00e3o e o g\u00e1s natural em usinas termel\u00e9tricas. H\u00e1 cerca de 9.525 usinas de [&hellip;]\" \/>\n<meta property=\"og:url\" content=\"https:\/\/www.alfaterm.com.br\/es\/aplicacoes-e-servicos\/generacion-de-energia\/\" \/>\n<meta property=\"og:site_name\" content=\"Bem-vindo \u00e0 ALFATERM\" \/>\n<meta property=\"article:modified_time\" content=\"2024-08-15T00:38:06+00:00\" \/>\n<meta property=\"og:image\" content=\"https:\/\/www.alfaterm.com.br\/wp-content\/uploads\/2024\/08\/GERACAO-DE-ENERGIA.webp\" \/>\n\t<meta property=\"og:image:width\" content=\"1070\" \/>\n\t<meta property=\"og:image:height\" content=\"1070\" \/>\n\t<meta property=\"og:image:type\" content=\"image\/webp\" \/>\n<meta name=\"twitter:card\" content=\"summary_large_image\" \/>\n<meta name=\"twitter:label1\" content=\"Tiempo de lectura\" \/>\n\t<meta name=\"twitter:data1\" content=\"1 minuto\" \/>\n<script type=\"application\/ld+json\" class=\"yoast-schema-graph\">{\"@context\":\"https:\/\/schema.org\",\"@graph\":[{\"@type\":\"WebPage\",\"@id\":\"https:\/\/www.alfaterm.com.br\/aplicacoes-e-servicos\/geracao-de-energia\/\",\"url\":\"https:\/\/www.alfaterm.com.br\/aplicacoes-e-servicos\/geracao-de-energia\/\",\"name\":\"Gera\u00e7\u00e3o de energia - Bem-vindo \u00e0 ALFATERM\",\"isPartOf\":{\"@id\":\"https:\/\/www.alfaterm.com.br\/#website\"},\"primaryImageOfPage\":{\"@id\":\"https:\/\/www.alfaterm.com.br\/aplicacoes-e-servicos\/geracao-de-energia\/#primaryimage\"},\"image\":{\"@id\":\"https:\/\/www.alfaterm.com.br\/aplicacoes-e-servicos\/geracao-de-energia\/#primaryimage\"},\"thumbnailUrl\":\"https:\/\/www.alfaterm.com.br\/wp-content\/uploads\/2024\/08\/GERACAO-DE-ENERGIA.webp\",\"datePublished\":\"2024-08-15T00:37:45+00:00\",\"dateModified\":\"2024-08-15T00:38:06+00:00\",\"breadcrumb\":{\"@id\":\"https:\/\/www.alfaterm.com.br\/aplicacoes-e-servicos\/geracao-de-energia\/#breadcrumb\"},\"inLanguage\":\"es\",\"potentialAction\":[{\"@type\":\"ReadAction\",\"target\":[\"https:\/\/www.alfaterm.com.br\/aplicacoes-e-servicos\/geracao-de-energia\/\"]}]},{\"@type\":\"ImageObject\",\"inLanguage\":\"es\",\"@id\":\"https:\/\/www.alfaterm.com.br\/aplicacoes-e-servicos\/geracao-de-energia\/#primaryimage\",\"url\":\"https:\/\/www.alfaterm.com.br\/wp-content\/uploads\/2024\/08\/GERACAO-DE-ENERGIA.webp\",\"contentUrl\":\"https:\/\/www.alfaterm.com.br\/wp-content\/uploads\/2024\/08\/GERACAO-DE-ENERGIA.webp\",\"width\":1070,\"height\":1070},{\"@type\":\"BreadcrumbList\",\"@id\":\"https:\/\/www.alfaterm.com.br\/aplicacoes-e-servicos\/geracao-de-energia\/#breadcrumb\",\"itemListElement\":[{\"@type\":\"ListItem\",\"position\":1,\"name\":\"Home\",\"item\":\"https:\/\/www.alfaterm.com.br\/\"},{\"@type\":\"ListItem\",\"position\":2,\"name\":\"Gera\u00e7\u00e3o de energia\"}]},{\"@type\":\"WebSite\",\"@id\":\"https:\/\/www.alfaterm.com.br\/#website\",\"url\":\"https:\/\/www.alfaterm.com.br\/\",\"name\":\"Bem-vindo \u00e0 ALFATERM\",\"description\":\"\",\"publisher\":{\"@id\":\"https:\/\/www.alfaterm.com.br\/#organization\"},\"potentialAction\":[{\"@type\":\"SearchAction\",\"target\":{\"@type\":\"EntryPoint\",\"urlTemplate\":\"https:\/\/www.alfaterm.com.br\/?s={search_term_string}\"},\"query-input\":{\"@type\":\"PropertyValueSpecification\",\"valueRequired\":true,\"valueName\":\"search_term_string\"}}],\"inLanguage\":\"es\"},{\"@type\":\"Organization\",\"@id\":\"https:\/\/www.alfaterm.com.br\/#organization\",\"name\":\"Bem-vindo \u00e0 ALFATERM\",\"url\":\"https:\/\/www.alfaterm.com.br\/\",\"logo\":{\"@type\":\"ImageObject\",\"inLanguage\":\"es\",\"@id\":\"https:\/\/www.alfaterm.com.br\/#\/schema\/logo\/image\/\",\"url\":\"https:\/\/www.alfaterm.com.br\/wp-content\/uploads\/2024\/07\/logo-alfaterm.png\",\"contentUrl\":\"https:\/\/www.alfaterm.com.br\/wp-content\/uploads\/2024\/07\/logo-alfaterm.png\",\"width\":393,\"height\":45,\"caption\":\"Bem-vindo \u00e0 ALFATERM\"},\"image\":{\"@id\":\"https:\/\/www.alfaterm.com.br\/#\/schema\/logo\/image\/\"}}]}<\/script>\n<!-- \/ Yoast SEO Premium plugin. -->","yoast_head_json":{"title":"Gera\u00e7\u00e3o de energia - Bem-vindo \u00e0 ALFATERM","robots":{"index":"index","follow":"follow","max-snippet":"max-snippet:-1","max-image-preview":"max-image-preview:large","max-video-preview":"max-video-preview:-1"},"canonical":"https:\/\/www.alfaterm.com.br\/es\/aplicacoes-e-servicos\/generacion-de-energia\/","og_locale":"es_ES","og_type":"article","og_title":"Gera\u00e7\u00e3o de energia","og_description":"As centrais geradoras produzem energia a partir de fontes renov\u00e1veis como a \u00e1gua em usinas hidrel\u00e9tricas, os ventos em usinas e\u00f3licas, e a luz e calor solar em usinas solares, e tamb\u00e9m, a partir de fontes n\u00e3o-renov\u00e1veis como o petr\u00f3leo, o carv\u00e3o e o g\u00e1s natural em usinas termel\u00e9tricas. H\u00e1 cerca de 9.525 usinas de [&hellip;]","og_url":"https:\/\/www.alfaterm.com.br\/es\/aplicacoes-e-servicos\/generacion-de-energia\/","og_site_name":"Bem-vindo \u00e0 ALFATERM","article_modified_time":"2024-08-15T00:38:06+00:00","og_image":[{"width":1070,"height":1070,"url":"https:\/\/www.alfaterm.com.br\/wp-content\/uploads\/2024\/08\/GERACAO-DE-ENERGIA.webp","type":"image\/webp"}],"twitter_card":"summary_large_image","twitter_misc":{"Tiempo de lectura":"1 minuto"},"schema":{"@context":"https:\/\/schema.org","@graph":[{"@type":"WebPage","@id":"https:\/\/www.alfaterm.com.br\/aplicacoes-e-servicos\/geracao-de-energia\/","url":"https:\/\/www.alfaterm.com.br\/aplicacoes-e-servicos\/geracao-de-energia\/","name":"Gera\u00e7\u00e3o de energia - Bem-vindo \u00e0 ALFATERM","isPartOf":{"@id":"https:\/\/www.alfaterm.com.br\/#website"},"primaryImageOfPage":{"@id":"https:\/\/www.alfaterm.com.br\/aplicacoes-e-servicos\/geracao-de-energia\/#primaryimage"},"image":{"@id":"https:\/\/www.alfaterm.com.br\/aplicacoes-e-servicos\/geracao-de-energia\/#primaryimage"},"thumbnailUrl":"https:\/\/www.alfaterm.com.br\/wp-content\/uploads\/2024\/08\/GERACAO-DE-ENERGIA.webp","datePublished":"2024-08-15T00:37:45+00:00","dateModified":"2024-08-15T00:38:06+00:00","breadcrumb":{"@id":"https:\/\/www.alfaterm.com.br\/aplicacoes-e-servicos\/geracao-de-energia\/#breadcrumb"},"inLanguage":"es","potentialAction":[{"@type":"ReadAction","target":["https:\/\/www.alfaterm.com.br\/aplicacoes-e-servicos\/geracao-de-energia\/"]}]},{"@type":"ImageObject","inLanguage":"es","@id":"https:\/\/www.alfaterm.com.br\/aplicacoes-e-servicos\/geracao-de-energia\/#primaryimage","url":"https:\/\/www.alfaterm.com.br\/wp-content\/uploads\/2024\/08\/GERACAO-DE-ENERGIA.webp","contentUrl":"https:\/\/www.alfaterm.com.br\/wp-content\/uploads\/2024\/08\/GERACAO-DE-ENERGIA.webp","width":1070,"height":1070},{"@type":"BreadcrumbList","@id":"https:\/\/www.alfaterm.com.br\/aplicacoes-e-servicos\/geracao-de-energia\/#breadcrumb","itemListElement":[{"@type":"ListItem","position":1,"name":"Home","item":"https:\/\/www.alfaterm.com.br\/"},{"@type":"ListItem","position":2,"name":"Gera\u00e7\u00e3o de energia"}]},{"@type":"WebSite","@id":"https:\/\/www.alfaterm.com.br\/#website","url":"https:\/\/www.alfaterm.com.br\/","name":"Bem-vindo \u00e0 ALFATERM","description":"","publisher":{"@id":"https:\/\/www.alfaterm.com.br\/#organization"},"potentialAction":[{"@type":"SearchAction","target":{"@type":"EntryPoint","urlTemplate":"https:\/\/www.alfaterm.com.br\/?s={search_term_string}"},"query-input":{"@type":"PropertyValueSpecification","valueRequired":true,"valueName":"search_term_string"}}],"inLanguage":"es"},{"@type":"Organization","@id":"https:\/\/www.alfaterm.com.br\/#organization","name":"Bem-vindo \u00e0 ALFATERM","url":"https:\/\/www.alfaterm.com.br\/","logo":{"@type":"ImageObject","inLanguage":"es","@id":"https:\/\/www.alfaterm.com.br\/#\/schema\/logo\/image\/","url":"https:\/\/www.alfaterm.com.br\/wp-content\/uploads\/2024\/07\/logo-alfaterm.png","contentUrl":"https:\/\/www.alfaterm.com.br\/wp-content\/uploads\/2024\/07\/logo-alfaterm.png","width":393,"height":45,"caption":"Bem-vindo \u00e0 ALFATERM"},"image":{"@id":"https:\/\/www.alfaterm.com.br\/#\/schema\/logo\/image\/"}}]}},"_links":{"self":[{"href":"https:\/\/www.alfaterm.com.br\/es\/wp-json\/wp\/v2\/pagina-interna\/715","targetHints":{"allow":["GET"]}}],"collection":[{"href":"https:\/\/www.alfaterm.com.br\/es\/wp-json\/wp\/v2\/pagina-interna"}],"about":[{"href":"https:\/\/www.alfaterm.com.br\/es\/wp-json\/wp\/v2\/types\/pagina-interna"}],"wp:featuredmedia":[{"embeddable":true,"href":"https:\/\/www.alfaterm.com.br\/es\/wp-json\/wp\/v2\/media\/720"}],"wp:attachment":[{"href":"https:\/\/www.alfaterm.com.br\/es\/wp-json\/wp\/v2\/media?parent=715"}],"wp:term":[{"taxonomy":"categoria-de-pagina","embeddable":true,"href":"https:\/\/www.alfaterm.com.br\/es\/wp-json\/wp\/v2\/categoria-de-pagina?post=715"}],"curies":[{"name":"wp","href":"https:\/\/api.w.org\/{rel}","templated":true}]}}