{"id":631,"date":"2024-08-12T22:20:13","date_gmt":"2024-08-13T01:20:13","guid":{"rendered":"https:\/\/www.alfaterm.com.br\/?page_id=631"},"modified":"2024-08-23T15:27:14","modified_gmt":"2024-08-23T18:27:14","slug":"ventiladores-axiais-e-centrifugos","status":"publish","type":"page","link":"https:\/\/www.alfaterm.com.br\/es\/ventiladores-axiales-y-centrifugos\/","title":{"rendered":"Los Ventiladores axiales y centr\u00edfugos"},"content":{"rendered":"<div data-elementor-type=\"wp-page\" data-elementor-id=\"631\" class=\"elementor elementor-631\" data-elementor-post-type=\"page\">\n\t\t\t\t<div class=\"elementor-element elementor-element-dc06bf7 e-flex e-con-boxed e-con e-parent\" data-id=\"dc06bf7\" data-element_type=\"container\" data-settings=\"{&quot;background_background&quot;:&quot;classic&quot;}\">\n\t\t\t\t\t<div class=\"e-con-inner\">\n\t\t\t\t\t<\/div>\n\t\t\t\t<\/div>\n\t\t<div class=\"elementor-element elementor-element-e81654d e-flex e-con-boxed e-con e-parent\" data-id=\"e81654d\" data-element_type=\"container\">\n\t\t\t\t\t<div class=\"e-con-inner\">\n\t\t<div class=\"elementor-element elementor-element-5c2a7f3 e-con-full e-flex e-con e-child\" data-id=\"5c2a7f3\" data-element_type=\"container\">\n\t\t<div class=\"elementor-element elementor-element-a9cfba3 e-con-full e-flex e-con e-child\" data-id=\"a9cfba3\" data-element_type=\"container\" data-settings=\"{&quot;background_background&quot;:&quot;classic&quot;}\">\n\t\t\t\t<div class=\"elementor-element elementor-element-309acf8 elementor-widget elementor-widget-text-editor\" data-id=\"309acf8\" data-element_type=\"widget\" data-widget_type=\"text-editor.default\">\n\t\t\t\t<div class=\"elementor-widget-container\">\n\t\t\t<style>\/*! elementor - v3.23.0 - 05-08-2024 *\/\n.elementor-widget-text-editor.elementor-drop-cap-view-stacked .elementor-drop-cap{background-color:#69727d;color:#fff}.elementor-widget-text-editor.elementor-drop-cap-view-framed .elementor-drop-cap{color:#69727d;border:3px solid;background-color:transparent}.elementor-widget-text-editor:not(.elementor-drop-cap-view-default) .elementor-drop-cap{margin-top:8px}.elementor-widget-text-editor:not(.elementor-drop-cap-view-default) .elementor-drop-cap-letter{width:1em;height:1em}.elementor-widget-text-editor .elementor-drop-cap{float:left;text-align:center;line-height:1;font-size:50px}.elementor-widget-text-editor .elementor-drop-cap-letter{display:inline-block}<\/style>\t\t\t\t<p>La ALFATERM emplea la m\u00e1s alta tecnolog\u00eda para la fabricaci\u00f3n de partes y piezas de las torres de enfriamiento de agua mediante el uso de componentes de alta tecnolog\u00eda con un mayor rendimiento y una materia prima excelente para el fin de garantizar la m\u00e1xima resistencia y durabilidad.<\/p><p>Los ventiladores pueden ser instalados tanto en la entrada de aire en la parte lateral de la torre de tiro forzado, insuflando el aire fr\u00edo desde el exterior hacia el interior, as\u00ed como tambi\u00e9n puede ser instalado en la salida de aire en la parte superior de la torre de tiro inducido, aspirando el aire caliente desde el interior de la torre, con la extracci\u00f3n de aire en sentido horizontal, y la descarga de aire vertical.<\/p><p>Las palas de la h\u00e9lice pueden ser fabricados en polipropileno, aluminio o fibra de vidrio.<\/p><p>Los ventiladores centr\u00edfugos de gran tama\u00f1o, el tipo sirocco, que se instala en la entrada de aire en la parte lateral de la torre de tiro forzado, insuflando el aire fr\u00edo desde el exterior hacia el interior, con la captura de la descarga de aire horizontal.<\/p>\t\t\t\t\t\t<\/div>\n\t\t\t\t<\/div>\n\t\t\t\t<\/div>\n\t\t\t\t<div class=\"elementor-element elementor-element-df6a1e8 elementor-arrows-position-outside elementor-widget__width-initial elementor-widget elementor-widget-image-carousel\" data-id=\"df6a1e8\" data-element_type=\"widget\" data-settings=\"{&quot;slides_to_show&quot;:&quot;1&quot;,&quot;navigation&quot;:&quot;arrows&quot;,&quot;autoplay&quot;:&quot;yes&quot;,&quot;pause_on_hover&quot;:&quot;yes&quot;,&quot;pause_on_interaction&quot;:&quot;yes&quot;,&quot;autoplay_speed&quot;:5000,&quot;infinite&quot;:&quot;yes&quot;,&quot;effect&quot;:&quot;slide&quot;,&quot;speed&quot;:500}\" data-widget_type=\"image-carousel.default\">\n\t\t\t\t<div class=\"elementor-widget-container\">\n\t\t\t<style>\/*! elementor - v3.23.0 - 05-08-2024 *\/\n.elementor-widget-image-carousel .swiper,.elementor-widget-image-carousel .swiper-container{position:static}.elementor-widget-image-carousel .swiper-container .swiper-slide figure,.elementor-widget-image-carousel .swiper .swiper-slide figure{line-height:inherit}.elementor-widget-image-carousel .swiper-slide{text-align:center}.elementor-image-carousel-wrapper:not(.swiper-container-initialized):not(.swiper-initialized) .swiper-slide{max-width:calc(100% \/ var(--e-image-carousel-slides-to-show, 3))}<\/style>\t\t<div class=\"elementor-image-carousel-wrapper swiper\" dir=\"ltr\">\n\t\t\t<div class=\"elementor-image-carousel swiper-wrapper\" aria-live=\"off\">\n\t\t\t\t\t\t\t\t<div class=\"swiper-slide\" role=\"group\" aria-roledescription=\"slide\" aria-label=\"1 de 5\"><figure class=\"swiper-slide-inner\"><img decoding=\"async\" class=\"swiper-slide-image\" src=\"https:\/\/www.alfaterm.com.br\/wp-content\/uploads\/2024\/08\/ventiladores-axiais-e-centrifugos-0.webp\" alt=\"los ventiladores axiales y centrifugos-0\" \/><\/figure><\/div><div class=\"swiper-slide\" role=\"group\" aria-roledescription=\"slide\" aria-label=\"2 de 5\"><figure class=\"swiper-slide-inner\"><img decoding=\"async\" class=\"swiper-slide-image\" src=\"https:\/\/www.alfaterm.com.br\/wp-content\/uploads\/2024\/08\/ventiladores-axiais-e-centrifugos-3.webp\" alt=\"los ventiladores axiales y centrifugos-3\" \/><\/figure><\/div><div class=\"swiper-slide\" role=\"group\" aria-roledescription=\"slide\" aria-label=\"3 de 5\"><figure class=\"swiper-slide-inner\"><img decoding=\"async\" class=\"swiper-slide-image\" src=\"https:\/\/www.alfaterm.com.br\/wp-content\/uploads\/2024\/08\/ventiladores-axiais-e-centrifugos-para-torres-de-resfriamento-de-agua-4.webp\" alt=\"los ventiladores axiales y centrifugos para las torres de enfriamiento de agua-4\" \/><\/figure><\/div><div class=\"swiper-slide\" role=\"group\" aria-roledescription=\"slide\" aria-label=\"4 de 5\"><figure class=\"swiper-slide-inner\"><img decoding=\"async\" class=\"swiper-slide-image\" src=\"https:\/\/www.alfaterm.com.br\/wp-content\/uploads\/2024\/08\/ventiladores-axiais-e-centrifugos-1.webp\" alt=\"los ventiladores axiales y centrifugos-1\" \/><\/figure><\/div><div class=\"swiper-slide\" role=\"group\" aria-roledescription=\"slide\" aria-label=\"5 de 5\"><figure class=\"swiper-slide-inner\"><img decoding=\"async\" class=\"swiper-slide-image\" src=\"https:\/\/www.alfaterm.com.br\/wp-content\/uploads\/2024\/08\/ventiladores-axiais-e-centrifugos-4.webp\" alt=\"los ventiladores axiales y centrifugos-4\" \/><\/figure><\/div>\t\t\t<\/div>\n\t\t\t\t\t\t\t\t\t\t\t\t<div class=\"elementor-swiper-button elementor-swiper-button-prev\" role=\"button\" tabindex=\"0\">\n\t\t\t\t\t\t<svg aria-hidden=\"true\" class=\"e-font-icon-svg e-eicon-chevron-left\" viewbox=\"0 0 1000 1000\" xmlns=\"http:\/\/www.w3.org\/2000\/svg\"><path d=\"M646 125C629 125 613 133 604 142L308 442C296 454 292 471 292 487 292 504 296 521 308 533L604 854C617 867 629 875 646 875 663 875 679 871 692 858 704 846 713 829 713 812 713 796 708 779 692 767L438 487 692 225C700 217 708 204 708 187 708 171 704 154 692 142 675 129 663 125 646 125Z\"><\/path><\/svg>\t\t\t\t\t<\/div>\n\t\t\t\t\t<div class=\"elementor-swiper-button elementor-swiper-button-next\" role=\"button\" tabindex=\"0\">\n\t\t\t\t\t\t<svg aria-hidden=\"true\" class=\"e-font-icon-svg e-eicon-chevron-right\" viewbox=\"0 0 1000 1000\" xmlns=\"http:\/\/www.w3.org\/2000\/svg\"><path d=\"M696 533C708 521 713 504 713 487 713 471 708 454 696 446L400 146C388 133 375 125 354 125 338 125 325 129 313 142 300 154 292 171 292 187 292 204 296 221 308 233L563 492 304 771C292 783 288 800 288 817 288 833 296 850 308 863 321 871 338 875 354 875 371 875 388 867 400 854L696 533Z\"><\/path><\/svg>\t\t\t\t\t<\/div>\n\t\t\t\t\n\t\t\t\t\t\t\t\t\t<\/div>\n\t\t\t\t<\/div>\n\t\t\t\t<\/div>\n\t\t\t\t<\/div>\n\t\t\t\t\t<\/div>\n\t\t\t\t<\/div>\n\t\t<div class=\"elementor-element elementor-element-9346dfd e-grid e-con-boxed e-con e-parent\" data-id=\"9346dfd\" data-element_type=\"container\">\n\t\t\t\t\t<div class=\"e-con-inner\">\n\t\t<div class=\"elementor-element elementor-element-af82e93 e-con-full e-flex e-con e-child\" data-id=\"af82e93\" data-element_type=\"container\">\n\t\t\t\t<div class=\"elementor-element elementor-element-2aad8e2 elementor-widget elementor-widget-heading\" data-id=\"2aad8e2\" data-element_type=\"widget\" data-widget_type=\"heading.default\">\n\t\t\t\t<div class=\"elementor-widget-container\">\n\t\t\t<style>\/*! elementor - v3.23.0 - 05-08-2024 *\/\n.elementor-heading-title{padding:0;margin:0;line-height:1}.elementor-widget-heading .elementor-heading-title[class*=elementor-size-]>a{color:inherit;font-size:inherit;line-height:inherit}.elementor-widget-heading .elementor-heading-title.elementor-size-small{font-size:15px}.elementor-widget-heading .elementor-heading-title.elementor-size-medium{font-size:19px}.elementor-widget-heading .elementor-heading-title.elementor-size-large{font-size:29px}.elementor-widget-heading .elementor-heading-title.elementor-size-xl{font-size:39px}.elementor-widget-heading .elementor-heading-title.elementor-size-xxl{font-size:59px}<\/style><h2 class=\"elementor-heading-title elementor-size-default\">Los Ventiladores centr\u00edfugos<\/h2>\t\t<\/div>\n\t\t\t\t<\/div>\n\t\t\t\t<div class=\"elementor-element elementor-element-113fbf2 elementor-widget elementor-widget-text-editor\" data-id=\"113fbf2\" data-element_type=\"widget\" data-widget_type=\"text-editor.default\">\n\t\t\t\t<div class=\"elementor-widget-container\">\n\t\t\t\t\t\t\t<p>Los Ventiladores de tipo centr\u00edfugo, con la recogida y la descarga de aire de forma horizontal, siendo muy callada en el 72db(A).<\/p>\t\t\t\t\t\t<\/div>\n\t\t\t\t<\/div>\n\t\t\t\t<\/div>\n\t\t<div class=\"elementor-element elementor-element-6a2fa49 e-con-full e-flex e-con e-child\" data-id=\"6a2fa49\" data-element_type=\"container\">\n\t\t\t\t<div class=\"elementor-element elementor-element-fab3249 elementor-widget elementor-widget-heading\" data-id=\"fab3249\" data-element_type=\"widget\" data-widget_type=\"heading.default\">\n\t\t\t\t<div class=\"elementor-widget-container\">\n\t\t\t<h2 class=\"elementor-heading-title elementor-size-default\">Los Ventiladores axiales<\/h2>\t\t<\/div>\n\t\t\t\t<\/div>\n\t\t\t\t<div class=\"elementor-element elementor-element-78953dd elementor-widget elementor-widget-text-editor\" data-id=\"78953dd\" data-element_type=\"widget\" data-widget_type=\"text-editor.default\">\n\t\t\t\t<div class=\"elementor-widget-container\">\n\t\t\t\t\t\t\t<p>Los Ventiladores axiales, con la extracci\u00f3n de aire en sentido horizontal, y la descarga de aire en la posici\u00f3n vertical, en un movimiento ascendente, siendo el silencio, en la 76db(A).<\/p>\t\t\t\t\t\t<\/div>\n\t\t\t\t<\/div>\n\t\t\t\t<\/div>\n\t\t\t\t\t<\/div>\n\t\t\t\t<\/div>\n\t\t<div class=\"elementor-element elementor-element-797c93c e-flex e-con-boxed e-con e-parent\" data-id=\"797c93c\" data-element_type=\"container\" data-settings=\"{&quot;background_background&quot;:&quot;gradient&quot;}\">\n\t\t\t\t\t<div class=\"e-con-inner\">\n\t\t<div class=\"elementor-element elementor-element-649da12 e-con-full e-flex e-con e-child\" data-id=\"649da12\" data-element_type=\"container\">\n\t\t\t\t<div class=\"elementor-element elementor-element-5e9d228 elementor-widget elementor-widget-heading\" data-id=\"5e9d228\" data-element_type=\"widget\" data-widget_type=\"heading.default\">\n\t\t\t\t<div class=\"elementor-widget-container\">\n\t\t\t<h2 class=\"elementor-heading-title elementor-size-default\">Contacte nos<\/h2>\t\t<\/div>\n\t\t\t\t<\/div>\n\t\t\t\t<div class=\"elementor-element elementor-element-c17615f elementor-widget elementor-widget-text-editor\" data-id=\"c17615f\" data-element_type=\"widget\" data-widget_type=\"text-editor.default\">\n\t\t\t\t<div class=\"elementor-widget-container\">\n\t\t\t\t\t\t\t<p>Hable con nosotros sobre sus necesidades.<\/p>\t\t\t\t\t\t<\/div>\n\t\t\t\t<\/div>\n\t\t\t\t<\/div>\n\t\t<div class=\"elementor-element elementor-element-c0fd42b e-con-full e-flex e-con e-child\" data-id=\"c0fd42b\" data-element_type=\"container\">\n\t\t\t\t<div class=\"elementor-element elementor-element-fd8c21f elementor-align-justify elementor-widget elementor-widget-button\" data-id=\"fd8c21f\" data-element_type=\"widget\" data-widget_type=\"button.default\">\n\t\t\t\t<div class=\"elementor-widget-container\">\n\t\t\t\t\t<div class=\"elementor-button-wrapper\">\n\t\t\t<a class=\"elementor-button elementor-button-link elementor-size-sm\" href=\"https:\/\/www.alfaterm.com.br\/es\/contacto\/\">\n\t\t\t\t\t\t<span class=\"elementor-button-content-wrapper\">\n\t\t\t\t\t\t\t\t\t<span class=\"elementor-button-text\">Contacte nos<\/span>\n\t\t\t\t\t<\/span>\n\t\t\t\t\t<\/a>\n\t\t<\/div>\n\t\t\t\t<\/div>\n\t\t\t\t<\/div>\n\t\t\t\t<\/div>\n\t\t\t\t\t<\/div>\n\t\t\t\t<\/div>\n\t\t\t\t<\/div>","protected":false},"excerpt":{"rendered":"<p>A ALFATERM emprega alta tecnologia na fabrica\u00e7\u00e3o de partes e pe\u00e7as de suas torres de resfriamento de \u00e1gua,\u00a0utilizando componentes de ponta com maior desempenho e mat\u00e9rias-primas excelentes para garantir a m\u00e1xima resist\u00eancia e durabilidade. Os ventiladores axiais podem ser instalados tanto na entrada de ar na parte lateral da torre em tiragem for\u00e7ada, insuflando o [&hellip;]<\/p>","protected":false},"author":1,"featured_media":0,"parent":0,"menu_order":0,"comment_status":"closed","ping_status":"closed","template":"","meta":{"_acf_changed":false,"_joinchat":[],"footnotes":""},"class_list":["post-631","page","type-page","status-publish","hentry"],"acf":[],"yoast_head":"<!-- This site is optimized with the Yoast SEO Premium plugin v23.4 (Yoast SEO v27.1.1) - https:\/\/yoast.com\/product\/yoast-seo-premium-wordpress\/ -->\n<title>Ventiladores axiais e centr\u00edfugos - Bem-vindo \u00e0 ALFATERM<\/title>\n<meta name=\"robots\" content=\"index, follow, max-snippet:-1, max-image-preview:large, max-video-preview:-1\" \/>\n<link rel=\"canonical\" href=\"https:\/\/www.alfaterm.com.br\/es\/ventiladores-axiales-y-centrifugos\/\" \/>\n<meta property=\"og:locale\" content=\"es_ES\" \/>\n<meta property=\"og:type\" content=\"article\" \/>\n<meta property=\"og:title\" content=\"Ventiladores axiais e centr\u00edfugos\" \/>\n<meta property=\"og:description\" content=\"A ALFATERM emprega alta tecnologia na fabrica\u00e7\u00e3o de partes e pe\u00e7as de suas torres de resfriamento de \u00e1gua,\u00a0utilizando componentes de ponta com maior desempenho e mat\u00e9rias-primas excelentes para garantir a m\u00e1xima resist\u00eancia e durabilidade. Os ventiladores axiais podem ser instalados tanto na entrada de ar na parte lateral da torre em tiragem for\u00e7ada, insuflando o [&hellip;]\" \/>\n<meta property=\"og:url\" content=\"https:\/\/www.alfaterm.com.br\/es\/ventiladores-axiales-y-centrifugos\/\" \/>\n<meta property=\"og:site_name\" content=\"Bem-vindo \u00e0 ALFATERM\" \/>\n<meta property=\"article:modified_time\" content=\"2024-08-23T18:27:14+00:00\" \/>\n<meta property=\"og:image\" content=\"https:\/\/www.alfaterm.com.br\/wp-content\/uploads\/2024\/08\/ventiladores-axiais-e-centrifugos-0.webp\" \/>\n<meta name=\"twitter:card\" content=\"summary_large_image\" \/>\n<meta name=\"twitter:label1\" content=\"Tiempo de lectura\" \/>\n\t<meta name=\"twitter:data1\" content=\"1 minuto\" \/>\n<script type=\"application\/ld+json\" class=\"yoast-schema-graph\">{\"@context\":\"https:\/\/schema.org\",\"@graph\":[{\"@type\":\"WebPage\",\"@id\":\"https:\/\/www.alfaterm.com.br\/ventiladores-axiais-e-centrifugos\/\",\"url\":\"https:\/\/www.alfaterm.com.br\/ventiladores-axiais-e-centrifugos\/\",\"name\":\"Ventiladores axiais e centr\u00edfugos - Bem-vindo \u00e0 ALFATERM\",\"isPartOf\":{\"@id\":\"https:\/\/www.alfaterm.com.br\/#website\"},\"primaryImageOfPage\":{\"@id\":\"https:\/\/www.alfaterm.com.br\/ventiladores-axiais-e-centrifugos\/#primaryimage\"},\"image\":{\"@id\":\"https:\/\/www.alfaterm.com.br\/ventiladores-axiais-e-centrifugos\/#primaryimage\"},\"thumbnailUrl\":\"https:\/\/www.alfaterm.com.br\/wp-content\/uploads\/2024\/08\/ventiladores-axiais-e-centrifugos-0.webp\",\"datePublished\":\"2024-08-13T01:20:13+00:00\",\"dateModified\":\"2024-08-23T18:27:14+00:00\",\"breadcrumb\":{\"@id\":\"https:\/\/www.alfaterm.com.br\/ventiladores-axiais-e-centrifugos\/#breadcrumb\"},\"inLanguage\":\"es\",\"potentialAction\":[{\"@type\":\"ReadAction\",\"target\":[\"https:\/\/www.alfaterm.com.br\/ventiladores-axiais-e-centrifugos\/\"]}]},{\"@type\":\"ImageObject\",\"inLanguage\":\"es\",\"@id\":\"https:\/\/www.alfaterm.com.br\/ventiladores-axiais-e-centrifugos\/#primaryimage\",\"url\":\"https:\/\/www.alfaterm.com.br\/wp-content\/uploads\/2024\/08\/ventiladores-axiais-e-centrifugos-0.webp\",\"contentUrl\":\"https:\/\/www.alfaterm.com.br\/wp-content\/uploads\/2024\/08\/ventiladores-axiais-e-centrifugos-0.webp\"},{\"@type\":\"BreadcrumbList\",\"@id\":\"https:\/\/www.alfaterm.com.br\/ventiladores-axiais-e-centrifugos\/#breadcrumb\",\"itemListElement\":[{\"@type\":\"ListItem\",\"position\":1,\"name\":\"Home\",\"item\":\"https:\/\/www.alfaterm.com.br\/\"},{\"@type\":\"ListItem\",\"position\":2,\"name\":\"Ventiladores axiais e centr\u00edfugos\"}]},{\"@type\":\"WebSite\",\"@id\":\"https:\/\/www.alfaterm.com.br\/#website\",\"url\":\"https:\/\/www.alfaterm.com.br\/\",\"name\":\"Bem-vindo \u00e0 ALFATERM\",\"description\":\"\",\"publisher\":{\"@id\":\"https:\/\/www.alfaterm.com.br\/#organization\"},\"potentialAction\":[{\"@type\":\"SearchAction\",\"target\":{\"@type\":\"EntryPoint\",\"urlTemplate\":\"https:\/\/www.alfaterm.com.br\/?s={search_term_string}\"},\"query-input\":{\"@type\":\"PropertyValueSpecification\",\"valueRequired\":true,\"valueName\":\"search_term_string\"}}],\"inLanguage\":\"es\"},{\"@type\":\"Organization\",\"@id\":\"https:\/\/www.alfaterm.com.br\/#organization\",\"name\":\"Bem-vindo \u00e0 ALFATERM\",\"url\":\"https:\/\/www.alfaterm.com.br\/\",\"logo\":{\"@type\":\"ImageObject\",\"inLanguage\":\"es\",\"@id\":\"https:\/\/www.alfaterm.com.br\/#\/schema\/logo\/image\/\",\"url\":\"https:\/\/www.alfaterm.com.br\/wp-content\/uploads\/2024\/07\/logo-alfaterm.png\",\"contentUrl\":\"https:\/\/www.alfaterm.com.br\/wp-content\/uploads\/2024\/07\/logo-alfaterm.png\",\"width\":393,\"height\":45,\"caption\":\"Bem-vindo \u00e0 ALFATERM\"},\"image\":{\"@id\":\"https:\/\/www.alfaterm.com.br\/#\/schema\/logo\/image\/\"}}]}<\/script>\n<!-- \/ Yoast SEO Premium plugin. -->","yoast_head_json":{"title":"Ventiladores axiais e centr\u00edfugos - Bem-vindo \u00e0 ALFATERM","robots":{"index":"index","follow":"follow","max-snippet":"max-snippet:-1","max-image-preview":"max-image-preview:large","max-video-preview":"max-video-preview:-1"},"canonical":"https:\/\/www.alfaterm.com.br\/es\/ventiladores-axiales-y-centrifugos\/","og_locale":"es_ES","og_type":"article","og_title":"Ventiladores axiais e centr\u00edfugos","og_description":"A ALFATERM emprega alta tecnologia na fabrica\u00e7\u00e3o de partes e pe\u00e7as de suas torres de resfriamento de \u00e1gua,\u00a0utilizando componentes de ponta com maior desempenho e mat\u00e9rias-primas excelentes para garantir a m\u00e1xima resist\u00eancia e durabilidade. Os ventiladores axiais podem ser instalados tanto na entrada de ar na parte lateral da torre em tiragem for\u00e7ada, insuflando o [&hellip;]","og_url":"https:\/\/www.alfaterm.com.br\/es\/ventiladores-axiales-y-centrifugos\/","og_site_name":"Bem-vindo \u00e0 ALFATERM","article_modified_time":"2024-08-23T18:27:14+00:00","og_image":[{"url":"https:\/\/www.alfaterm.com.br\/wp-content\/uploads\/2024\/08\/ventiladores-axiais-e-centrifugos-0.webp","type":"","width":"","height":""}],"twitter_card":"summary_large_image","twitter_misc":{"Tiempo de lectura":"1 minuto"},"schema":{"@context":"https:\/\/schema.org","@graph":[{"@type":"WebPage","@id":"https:\/\/www.alfaterm.com.br\/ventiladores-axiais-e-centrifugos\/","url":"https:\/\/www.alfaterm.com.br\/ventiladores-axiais-e-centrifugos\/","name":"Ventiladores axiais e centr\u00edfugos - Bem-vindo \u00e0 ALFATERM","isPartOf":{"@id":"https:\/\/www.alfaterm.com.br\/#website"},"primaryImageOfPage":{"@id":"https:\/\/www.alfaterm.com.br\/ventiladores-axiais-e-centrifugos\/#primaryimage"},"image":{"@id":"https:\/\/www.alfaterm.com.br\/ventiladores-axiais-e-centrifugos\/#primaryimage"},"thumbnailUrl":"https:\/\/www.alfaterm.com.br\/wp-content\/uploads\/2024\/08\/ventiladores-axiais-e-centrifugos-0.webp","datePublished":"2024-08-13T01:20:13+00:00","dateModified":"2024-08-23T18:27:14+00:00","breadcrumb":{"@id":"https:\/\/www.alfaterm.com.br\/ventiladores-axiais-e-centrifugos\/#breadcrumb"},"inLanguage":"es","potentialAction":[{"@type":"ReadAction","target":["https:\/\/www.alfaterm.com.br\/ventiladores-axiais-e-centrifugos\/"]}]},{"@type":"ImageObject","inLanguage":"es","@id":"https:\/\/www.alfaterm.com.br\/ventiladores-axiais-e-centrifugos\/#primaryimage","url":"https:\/\/www.alfaterm.com.br\/wp-content\/uploads\/2024\/08\/ventiladores-axiais-e-centrifugos-0.webp","contentUrl":"https:\/\/www.alfaterm.com.br\/wp-content\/uploads\/2024\/08\/ventiladores-axiais-e-centrifugos-0.webp"},{"@type":"BreadcrumbList","@id":"https:\/\/www.alfaterm.com.br\/ventiladores-axiais-e-centrifugos\/#breadcrumb","itemListElement":[{"@type":"ListItem","position":1,"name":"Home","item":"https:\/\/www.alfaterm.com.br\/"},{"@type":"ListItem","position":2,"name":"Ventiladores axiais e centr\u00edfugos"}]},{"@type":"WebSite","@id":"https:\/\/www.alfaterm.com.br\/#website","url":"https:\/\/www.alfaterm.com.br\/","name":"Bem-vindo \u00e0 ALFATERM","description":"","publisher":{"@id":"https:\/\/www.alfaterm.com.br\/#organization"},"potentialAction":[{"@type":"SearchAction","target":{"@type":"EntryPoint","urlTemplate":"https:\/\/www.alfaterm.com.br\/?s={search_term_string}"},"query-input":{"@type":"PropertyValueSpecification","valueRequired":true,"valueName":"search_term_string"}}],"inLanguage":"es"},{"@type":"Organization","@id":"https:\/\/www.alfaterm.com.br\/#organization","name":"Bem-vindo \u00e0 ALFATERM","url":"https:\/\/www.alfaterm.com.br\/","logo":{"@type":"ImageObject","inLanguage":"es","@id":"https:\/\/www.alfaterm.com.br\/#\/schema\/logo\/image\/","url":"https:\/\/www.alfaterm.com.br\/wp-content\/uploads\/2024\/07\/logo-alfaterm.png","contentUrl":"https:\/\/www.alfaterm.com.br\/wp-content\/uploads\/2024\/07\/logo-alfaterm.png","width":393,"height":45,"caption":"Bem-vindo \u00e0 ALFATERM"},"image":{"@id":"https:\/\/www.alfaterm.com.br\/#\/schema\/logo\/image\/"}}]}},"_links":{"self":[{"href":"https:\/\/www.alfaterm.com.br\/es\/wp-json\/wp\/v2\/pages\/631","targetHints":{"allow":["GET"]}}],"collection":[{"href":"https:\/\/www.alfaterm.com.br\/es\/wp-json\/wp\/v2\/pages"}],"about":[{"href":"https:\/\/www.alfaterm.com.br\/es\/wp-json\/wp\/v2\/types\/page"}],"author":[{"embeddable":true,"href":"https:\/\/www.alfaterm.com.br\/es\/wp-json\/wp\/v2\/users\/1"}],"replies":[{"embeddable":true,"href":"https:\/\/www.alfaterm.com.br\/es\/wp-json\/wp\/v2\/comments?post=631"}],"version-history":[{"count":0,"href":"https:\/\/www.alfaterm.com.br\/es\/wp-json\/wp\/v2\/pages\/631\/revisions"}],"wp:attachment":[{"href":"https:\/\/www.alfaterm.com.br\/es\/wp-json\/wp\/v2\/media?parent=631"}],"curies":[{"name":"wp","href":"https:\/\/api.w.org\/{rel}","templated":true}]}}