{"id":333,"date":"2024-08-12T19:31:28","date_gmt":"2024-08-12T22:31:28","guid":{"rendered":"https:\/\/www.alfaterm.com.br\/?page_id=333"},"modified":"2024-08-31T08:14:38","modified_gmt":"2024-08-31T11:14:38","slug":"historia","status":"publish","type":"page","link":"https:\/\/www.alfaterm.com.br\/es\/historia\/","title":{"rendered":"Historia"},"content":{"rendered":"<div data-elementor-type=\"wp-page\" data-elementor-id=\"333\" class=\"elementor elementor-333\" data-elementor-post-type=\"page\">\n\t\t\t\t<div class=\"elementor-element elementor-element-99da978 e-flex e-con-boxed e-con e-parent\" data-id=\"99da978\" data-element_type=\"container\" data-settings=\"{&quot;background_background&quot;:&quot;classic&quot;}\">\n\t\t\t\t\t<div class=\"e-con-inner\">\n\t\t\t\t<div class=\"elementor-element elementor-element-1236135 elementor-widget elementor-widget-heading\" data-id=\"1236135\" data-element_type=\"widget\" data-widget_type=\"heading.default\">\n\t\t\t\t<div class=\"elementor-widget-container\">\n\t\t\t<style>\/*! elementor - v3.23.0 - 05-08-2024 *\/\n.elementor-heading-title{padding:0;margin:0;line-height:1}.elementor-widget-heading .elementor-heading-title[class*=elementor-size-]>a{color:inherit;font-size:inherit;line-height:inherit}.elementor-widget-heading .elementor-heading-title.elementor-size-small{font-size:15px}.elementor-widget-heading .elementor-heading-title.elementor-size-medium{font-size:19px}.elementor-widget-heading .elementor-heading-title.elementor-size-large{font-size:29px}.elementor-widget-heading .elementor-heading-title.elementor-size-xl{font-size:39px}.elementor-widget-heading .elementor-heading-title.elementor-size-xxl{font-size:59px}<\/style><h2 class=\"elementor-heading-title elementor-size-default\">Nuestra historia<\/h2>\t\t<\/div>\n\t\t\t\t<\/div>\n\t\t\t\t\t<\/div>\n\t\t\t\t<\/div>\n\t\t<div class=\"elementor-element elementor-element-5cf1e87 e-flex e-con-boxed e-con e-parent\" data-id=\"5cf1e87\" data-element_type=\"container\" data-settings=\"{&quot;background_background&quot;:&quot;classic&quot;}\">\n\t\t\t\t\t<div class=\"e-con-inner\">\n\t\t<div class=\"elementor-element elementor-element-be2608c e-con-full e-flex e-con e-child\" data-id=\"be2608c\" data-element_type=\"container\">\n\t\t<div class=\"elementor-element elementor-element-3b147cb e-con-full e-flex e-con e-child\" data-id=\"3b147cb\" data-element_type=\"container\" data-settings=\"{&quot;background_background&quot;:&quot;classic&quot;}\">\n\t\t\t\t<div class=\"elementor-element elementor-element-05720f5 elementor-widget elementor-widget-text-editor\" data-id=\"05720f5\" data-element_type=\"widget\" data-widget_type=\"text-editor.default\">\n\t\t\t\t<div class=\"elementor-widget-container\">\n\t\t\t<style>\/*! elementor - v3.23.0 - 05-08-2024 *\/\n.elementor-widget-text-editor.elementor-drop-cap-view-stacked .elementor-drop-cap{background-color:#69727d;color:#fff}.elementor-widget-text-editor.elementor-drop-cap-view-framed .elementor-drop-cap{color:#69727d;border:3px solid;background-color:transparent}.elementor-widget-text-editor:not(.elementor-drop-cap-view-default) .elementor-drop-cap{margin-top:8px}.elementor-widget-text-editor:not(.elementor-drop-cap-view-default) .elementor-drop-cap-letter{width:1em;height:1em}.elementor-widget-text-editor .elementor-drop-cap{float:left;text-align:center;line-height:1;font-size:50px}.elementor-widget-text-editor .elementor-drop-cap-letter{display:inline-block}<\/style>\t\t\t\t<p class=\" translation-block\">A&nbsp;<strong>ALFATERM<\/strong>&nbsp;est\u00e1 presente no mercado desde 1986, com a miss\u00e3o de projetar, fabricar e instalar torres de resfriamento de \u00e1gua para in\u00fameros processos industriais, dimensionando diferentes tamanhos e capacidades de acordo com cada necessidade, al\u00e9m de executar servi\u00e7os de manuten\u00e7\u00e3o preventiva e corretiva, testes de performance regulamentados e aprovados pelo CTI, reforma e recapacita\u00e7\u00e3o de qualquer marca, modelo e tamanho, dispondo tamb\u00e9m de equipamentos para loca\u00e7\u00e3o e completo estoque de pe\u00e7as de reposi\u00e7\u00e3o.<\/p><p>Con su amplia experiencia y tradici\u00f3n de m\u00e1s de 4 d\u00e9cadas, est\u00e1 marcada por la inversi\u00f3n en investigaci\u00f3n y desarrollo para la mejora continua de sus equipos con la m\u00e1s alta tecnolog\u00eda utilizada en la utilizaci\u00f3n de componentes de alta tecnolog\u00eda dentro de los proyectos a la medida de la disipaci\u00f3n de calor evaporativa, mediante la ejecuci\u00f3n de sus actividades con la m\u00e1xima calidad para mantenerse a la vanguardia, presentando un crecimiento sostenible, con m\u00e1s de 30 millones de d\u00f3lares en equipos en funcionamiento, y una colecci\u00f3n de grandes clientes en Espa\u00f1a y en todo el mundo, incluyendo a pa\u00edses como Bolivia, per\u00fa, Venezuela, Colombia, El Salvador, Guatemala, entre otros, marcando la diferencia en los distintos sectores de actividad, tales como: plantas de sucroalcooleiras, la industria de alimentos y bebidas en las redes de supermercados, industrias qu\u00edmicas, petroqu\u00edmicas, de los fabricantes de gases industriales, la miner\u00eda y la metalurgia, la industria automotriz, f\u00e1bricas de pulpa y papel, de las estaciones de generaci\u00f3n de energ\u00eda el\u00e9ctrica, las empresas de construcci\u00f3n e ingenier\u00eda de las industrias farmac\u00e9uticas, de los transformadores de pl\u00e1sticos y fabricaci\u00f3n de sistemas de aire acondicionado para el confort ambiental de los centros comerciales.<\/p>\t\t\t\t\t\t<\/div>\n\t\t\t\t<\/div>\n\t\t\t\t<\/div>\n\t\t<div class=\"elementor-element elementor-element-ed95572 e-con-full e-flex e-con e-child\" data-id=\"ed95572\" data-element_type=\"container\">\n\t\t\t\t<div class=\"elementor-element elementor-element-8ec7be7 elementor-widget elementor-widget-image\" data-id=\"8ec7be7\" data-element_type=\"widget\" data-widget_type=\"image.default\">\n\t\t\t\t<div class=\"elementor-widget-container\">\n\t\t\t\t\t\t\t\t\t\t\t\t\t<img fetchpriority=\"high\" decoding=\"async\" width=\"800\" height=\"479\" src=\"https:\/\/www.alfaterm.com.br\/wp-content\/uploads\/2024\/07\/historia-das-torres-de-resfriamento-de-agua.webp\" class=\"attachment-large size-large wp-image-89\" alt=\"\" srcset=\"https:\/\/www.alfaterm.com.br\/wp-content\/uploads\/2024\/07\/historia-das-torres-de-resfriamento-de-agua.webp 867w, https:\/\/www.alfaterm.com.br\/wp-content\/uploads\/2024\/07\/historia-das-torres-de-resfriamento-de-agua-300x180.webp 300w, https:\/\/www.alfaterm.com.br\/wp-content\/uploads\/2024\/07\/historia-das-torres-de-resfriamento-de-agua-768x460.webp 768w\" sizes=\"(max-width: 800px) 100vw, 800px\" \/>\t\t\t\t\t\t\t\t\t\t\t\t\t<\/div>\n\t\t\t\t<\/div>\n\t\t\t\t<\/div>\n\t\t\t\t<\/div>\n\t\t<div class=\"elementor-element elementor-element-4bf702d e-con-full e-flex e-con e-child\" data-id=\"4bf702d\" data-element_type=\"container\">\n\t\t\t\t<div class=\"elementor-element elementor-element-799a9db elementor-widget elementor-widget-text-editor\" data-id=\"799a9db\" data-element_type=\"widget\" data-widget_type=\"text-editor.default\">\n\t\t\t\t<div class=\"elementor-widget-container\">\n\t\t\t\t\t\t\t<p>Con una gesti\u00f3n empresarial responsable y transparente, y que la\u00a0<strong>ALFATERM<\/strong>a lo largo de los a\u00f1os, ha desarrollado una s\u00f3lida estructura que es capaz de responder de manera \u00e1gil a las demandas del mercado, siendo el primer fabricante nacional de su sector, a fin de obtener las siguientes certificaciones: ISO 9001, iso 14001 y en 45001, en un sistema integrado de gesti\u00f3n, teniendo en cuenta todos los requisitos establecidos en las normas de calidad, medio ambiente y seguridad en el trabajo, ofreciendo la m\u00e1s alta calidad y confiabilidad, por su relaci\u00f3n calidad-precio.<\/p><p>Ubicado estrat\u00e9gicamente en Santana de Parna\u00edba, en la regi\u00f3n metropolitana de S\u00e3o Paulo, que cuenta con una sede propia, situada en una extensa estructura de la planta es superior a los 10.000 m2 de superficie, dispone de t\u00e9cnicos con experiencia y con un profundo conocimiento de la t\u00e9cnica y de personal especializado en el centro de atenci\u00f3n de emergencia a las demandas de ventas y servicio post-venta.<\/p>\t\t\t\t\t\t<\/div>\n\t\t\t\t<\/div>\n\t\t\t\t<\/div>\n\t\t\t\t\t<\/div>\n\t\t\t\t<\/div>\n\t\t<div class=\"elementor-element elementor-element-098f471 e-flex e-con-boxed e-con e-parent\" data-id=\"098f471\" data-element_type=\"container\" data-settings=\"{&quot;background_background&quot;:&quot;gradient&quot;}\">\n\t\t\t\t\t<div class=\"e-con-inner\">\n\t\t<div class=\"elementor-element elementor-element-df45817 e-con-full e-flex e-con e-child\" data-id=\"df45817\" data-element_type=\"container\">\n\t\t\t\t<div class=\"elementor-element elementor-element-8d5bd2b elementor-widget elementor-widget-heading\" data-id=\"8d5bd2b\" data-element_type=\"widget\" data-widget_type=\"heading.default\">\n\t\t\t\t<div class=\"elementor-widget-container\">\n\t\t\t<h2 class=\"elementor-heading-title elementor-size-default\">Contacte nos<\/h2>\t\t<\/div>\n\t\t\t\t<\/div>\n\t\t\t\t<div class=\"elementor-element elementor-element-05b18ea elementor-widget elementor-widget-text-editor\" data-id=\"05b18ea\" data-element_type=\"widget\" data-widget_type=\"text-editor.default\">\n\t\t\t\t<div class=\"elementor-widget-container\">\n\t\t\t\t\t\t\t<p>Hable con nosotros sobre sus necesidades.<\/p>\t\t\t\t\t\t<\/div>\n\t\t\t\t<\/div>\n\t\t\t\t<\/div>\n\t\t<div class=\"elementor-element elementor-element-356d397 e-con-full e-flex e-con e-child\" data-id=\"356d397\" data-element_type=\"container\">\n\t\t\t\t<div class=\"elementor-element elementor-element-3edf701 elementor-align-justify elementor-widget elementor-widget-button\" data-id=\"3edf701\" data-element_type=\"widget\" data-widget_type=\"button.default\">\n\t\t\t\t<div class=\"elementor-widget-container\">\n\t\t\t\t\t<div class=\"elementor-button-wrapper\">\n\t\t\t<a class=\"elementor-button elementor-button-link elementor-size-sm\" href=\"#\">\n\t\t\t\t\t\t<span class=\"elementor-button-content-wrapper\">\n\t\t\t\t\t\t\t\t\t<span class=\"elementor-button-text\">Contacte nos<\/span>\n\t\t\t\t\t<\/span>\n\t\t\t\t\t<\/a>\n\t\t<\/div>\n\t\t\t\t<\/div>\n\t\t\t\t<\/div>\n\t\t\t\t<\/div>\n\t\t\t\t\t<\/div>\n\t\t\t\t<\/div>\n\t\t\t\t<\/div>","protected":false},"excerpt":{"rendered":"<p>Nossa hist\u00f3ria A\u00a0ALFATERM\u00a0est\u00e1 presente no mercado desde 1986, com a miss\u00e3o de projetar, fabricar e instalar torres de resfriamento de \u00e1gua para in\u00fameros processos industriais, dimensionando diferentes tamanhos e capacidades de acordo com cada necessidade, al\u00e9m de executar servi\u00e7os de manuten\u00e7\u00e3o preventiva e corretiva, testes de performance regulamentados e aprovados pelo CTI, reforma e recapacita\u00e7\u00e3o [&hellip;]<\/p>","protected":false},"author":1,"featured_media":0,"parent":0,"menu_order":0,"comment_status":"closed","ping_status":"closed","template":"","meta":{"_acf_changed":false,"_joinchat":[],"footnotes":""},"class_list":["post-333","page","type-page","status-publish","hentry"],"acf":[],"yoast_head":"<!-- This site is optimized with the Yoast SEO Premium plugin v23.4 (Yoast SEO v27.1.1) - https:\/\/yoast.com\/product\/yoast-seo-premium-wordpress\/ -->\n<title>Hist\u00f3ria - Bem-vindo \u00e0 ALFATERM<\/title>\n<meta name=\"robots\" content=\"index, follow, max-snippet:-1, max-image-preview:large, max-video-preview:-1\" \/>\n<link rel=\"canonical\" href=\"https:\/\/www.alfaterm.com.br\/es\/historia\/\" \/>\n<meta property=\"og:locale\" content=\"es_ES\" \/>\n<meta property=\"og:type\" content=\"article\" \/>\n<meta property=\"og:title\" content=\"Hist\u00f3ria\" \/>\n<meta property=\"og:description\" content=\"Nossa hist\u00f3ria A\u00a0ALFATERM\u00a0est\u00e1 presente no mercado desde 1986, com a miss\u00e3o de projetar, fabricar e instalar torres de resfriamento de \u00e1gua para in\u00fameros processos industriais, dimensionando diferentes tamanhos e capacidades de acordo com cada necessidade, al\u00e9m de executar servi\u00e7os de manuten\u00e7\u00e3o preventiva e corretiva, testes de performance regulamentados e aprovados pelo CTI, reforma e recapacita\u00e7\u00e3o [&hellip;]\" \/>\n<meta property=\"og:url\" content=\"https:\/\/www.alfaterm.com.br\/es\/historia\/\" \/>\n<meta property=\"og:site_name\" content=\"Bem-vindo \u00e0 ALFATERM\" \/>\n<meta property=\"article:modified_time\" content=\"2024-08-31T11:14:38+00:00\" \/>\n<meta property=\"og:image\" content=\"https:\/\/www.alfaterm.com.br\/wp-content\/uploads\/2024\/07\/historia-das-torres-de-resfriamento-de-agua.webp\" \/>\n<meta name=\"twitter:card\" content=\"summary_large_image\" \/>\n<meta name=\"twitter:label1\" content=\"Tiempo de lectura\" \/>\n\t<meta name=\"twitter:data1\" content=\"2 minutos\" \/>\n<script type=\"application\/ld+json\" class=\"yoast-schema-graph\">{\"@context\":\"https:\/\/schema.org\",\"@graph\":[{\"@type\":\"WebPage\",\"@id\":\"https:\/\/www.alfaterm.com.br\/historia\/\",\"url\":\"https:\/\/www.alfaterm.com.br\/historia\/\",\"name\":\"Hist\u00f3ria - Bem-vindo \u00e0 ALFATERM\",\"isPartOf\":{\"@id\":\"https:\/\/www.alfaterm.com.br\/#website\"},\"primaryImageOfPage\":{\"@id\":\"https:\/\/www.alfaterm.com.br\/historia\/#primaryimage\"},\"image\":{\"@id\":\"https:\/\/www.alfaterm.com.br\/historia\/#primaryimage\"},\"thumbnailUrl\":\"https:\/\/www.alfaterm.com.br\/wp-content\/uploads\/2024\/07\/historia-das-torres-de-resfriamento-de-agua.webp\",\"datePublished\":\"2024-08-12T22:31:28+00:00\",\"dateModified\":\"2024-08-31T11:14:38+00:00\",\"breadcrumb\":{\"@id\":\"https:\/\/www.alfaterm.com.br\/historia\/#breadcrumb\"},\"inLanguage\":\"es\",\"potentialAction\":[{\"@type\":\"ReadAction\",\"target\":[\"https:\/\/www.alfaterm.com.br\/historia\/\"]}]},{\"@type\":\"ImageObject\",\"inLanguage\":\"es\",\"@id\":\"https:\/\/www.alfaterm.com.br\/historia\/#primaryimage\",\"url\":\"https:\/\/www.alfaterm.com.br\/wp-content\/uploads\/2024\/07\/historia-das-torres-de-resfriamento-de-agua.webp\",\"contentUrl\":\"https:\/\/www.alfaterm.com.br\/wp-content\/uploads\/2024\/07\/historia-das-torres-de-resfriamento-de-agua.webp\"},{\"@type\":\"BreadcrumbList\",\"@id\":\"https:\/\/www.alfaterm.com.br\/historia\/#breadcrumb\",\"itemListElement\":[{\"@type\":\"ListItem\",\"position\":1,\"name\":\"Home\",\"item\":\"https:\/\/www.alfaterm.com.br\/\"},{\"@type\":\"ListItem\",\"position\":2,\"name\":\"Hist\u00f3ria\"}]},{\"@type\":\"WebSite\",\"@id\":\"https:\/\/www.alfaterm.com.br\/#website\",\"url\":\"https:\/\/www.alfaterm.com.br\/\",\"name\":\"Bem-vindo \u00e0 ALFATERM\",\"description\":\"\",\"publisher\":{\"@id\":\"https:\/\/www.alfaterm.com.br\/#organization\"},\"potentialAction\":[{\"@type\":\"SearchAction\",\"target\":{\"@type\":\"EntryPoint\",\"urlTemplate\":\"https:\/\/www.alfaterm.com.br\/?s={search_term_string}\"},\"query-input\":{\"@type\":\"PropertyValueSpecification\",\"valueRequired\":true,\"valueName\":\"search_term_string\"}}],\"inLanguage\":\"es\"},{\"@type\":\"Organization\",\"@id\":\"https:\/\/www.alfaterm.com.br\/#organization\",\"name\":\"Bem-vindo \u00e0 ALFATERM\",\"url\":\"https:\/\/www.alfaterm.com.br\/\",\"logo\":{\"@type\":\"ImageObject\",\"inLanguage\":\"es\",\"@id\":\"https:\/\/www.alfaterm.com.br\/#\/schema\/logo\/image\/\",\"url\":\"https:\/\/www.alfaterm.com.br\/wp-content\/uploads\/2024\/07\/logo-alfaterm.png\",\"contentUrl\":\"https:\/\/www.alfaterm.com.br\/wp-content\/uploads\/2024\/07\/logo-alfaterm.png\",\"width\":393,\"height\":45,\"caption\":\"Bem-vindo \u00e0 ALFATERM\"},\"image\":{\"@id\":\"https:\/\/www.alfaterm.com.br\/#\/schema\/logo\/image\/\"}}]}<\/script>\n<!-- \/ Yoast SEO Premium plugin. -->","yoast_head_json":{"title":"Hist\u00f3ria - Bem-vindo \u00e0 ALFATERM","robots":{"index":"index","follow":"follow","max-snippet":"max-snippet:-1","max-image-preview":"max-image-preview:large","max-video-preview":"max-video-preview:-1"},"canonical":"https:\/\/www.alfaterm.com.br\/es\/historia\/","og_locale":"es_ES","og_type":"article","og_title":"Hist\u00f3ria","og_description":"Nossa hist\u00f3ria A\u00a0ALFATERM\u00a0est\u00e1 presente no mercado desde 1986, com a miss\u00e3o de projetar, fabricar e instalar torres de resfriamento de \u00e1gua para in\u00fameros processos industriais, dimensionando diferentes tamanhos e capacidades de acordo com cada necessidade, al\u00e9m de executar servi\u00e7os de manuten\u00e7\u00e3o preventiva e corretiva, testes de performance regulamentados e aprovados pelo CTI, reforma e recapacita\u00e7\u00e3o [&hellip;]","og_url":"https:\/\/www.alfaterm.com.br\/es\/historia\/","og_site_name":"Bem-vindo \u00e0 ALFATERM","article_modified_time":"2024-08-31T11:14:38+00:00","og_image":[{"url":"https:\/\/www.alfaterm.com.br\/wp-content\/uploads\/2024\/07\/historia-das-torres-de-resfriamento-de-agua.webp","type":"","width":"","height":""}],"twitter_card":"summary_large_image","twitter_misc":{"Tiempo de lectura":"2 minutos"},"schema":{"@context":"https:\/\/schema.org","@graph":[{"@type":"WebPage","@id":"https:\/\/www.alfaterm.com.br\/historia\/","url":"https:\/\/www.alfaterm.com.br\/historia\/","name":"Hist\u00f3ria - Bem-vindo \u00e0 ALFATERM","isPartOf":{"@id":"https:\/\/www.alfaterm.com.br\/#website"},"primaryImageOfPage":{"@id":"https:\/\/www.alfaterm.com.br\/historia\/#primaryimage"},"image":{"@id":"https:\/\/www.alfaterm.com.br\/historia\/#primaryimage"},"thumbnailUrl":"https:\/\/www.alfaterm.com.br\/wp-content\/uploads\/2024\/07\/historia-das-torres-de-resfriamento-de-agua.webp","datePublished":"2024-08-12T22:31:28+00:00","dateModified":"2024-08-31T11:14:38+00:00","breadcrumb":{"@id":"https:\/\/www.alfaterm.com.br\/historia\/#breadcrumb"},"inLanguage":"es","potentialAction":[{"@type":"ReadAction","target":["https:\/\/www.alfaterm.com.br\/historia\/"]}]},{"@type":"ImageObject","inLanguage":"es","@id":"https:\/\/www.alfaterm.com.br\/historia\/#primaryimage","url":"https:\/\/www.alfaterm.com.br\/wp-content\/uploads\/2024\/07\/historia-das-torres-de-resfriamento-de-agua.webp","contentUrl":"https:\/\/www.alfaterm.com.br\/wp-content\/uploads\/2024\/07\/historia-das-torres-de-resfriamento-de-agua.webp"},{"@type":"BreadcrumbList","@id":"https:\/\/www.alfaterm.com.br\/historia\/#breadcrumb","itemListElement":[{"@type":"ListItem","position":1,"name":"Home","item":"https:\/\/www.alfaterm.com.br\/"},{"@type":"ListItem","position":2,"name":"Hist\u00f3ria"}]},{"@type":"WebSite","@id":"https:\/\/www.alfaterm.com.br\/#website","url":"https:\/\/www.alfaterm.com.br\/","name":"Bem-vindo \u00e0 ALFATERM","description":"","publisher":{"@id":"https:\/\/www.alfaterm.com.br\/#organization"},"potentialAction":[{"@type":"SearchAction","target":{"@type":"EntryPoint","urlTemplate":"https:\/\/www.alfaterm.com.br\/?s={search_term_string}"},"query-input":{"@type":"PropertyValueSpecification","valueRequired":true,"valueName":"search_term_string"}}],"inLanguage":"es"},{"@type":"Organization","@id":"https:\/\/www.alfaterm.com.br\/#organization","name":"Bem-vindo \u00e0 ALFATERM","url":"https:\/\/www.alfaterm.com.br\/","logo":{"@type":"ImageObject","inLanguage":"es","@id":"https:\/\/www.alfaterm.com.br\/#\/schema\/logo\/image\/","url":"https:\/\/www.alfaterm.com.br\/wp-content\/uploads\/2024\/07\/logo-alfaterm.png","contentUrl":"https:\/\/www.alfaterm.com.br\/wp-content\/uploads\/2024\/07\/logo-alfaterm.png","width":393,"height":45,"caption":"Bem-vindo \u00e0 ALFATERM"},"image":{"@id":"https:\/\/www.alfaterm.com.br\/#\/schema\/logo\/image\/"}}]}},"_links":{"self":[{"href":"https:\/\/www.alfaterm.com.br\/es\/wp-json\/wp\/v2\/pages\/333","targetHints":{"allow":["GET"]}}],"collection":[{"href":"https:\/\/www.alfaterm.com.br\/es\/wp-json\/wp\/v2\/pages"}],"about":[{"href":"https:\/\/www.alfaterm.com.br\/es\/wp-json\/wp\/v2\/types\/page"}],"author":[{"embeddable":true,"href":"https:\/\/www.alfaterm.com.br\/es\/wp-json\/wp\/v2\/users\/1"}],"replies":[{"embeddable":true,"href":"https:\/\/www.alfaterm.com.br\/es\/wp-json\/wp\/v2\/comments?post=333"}],"version-history":[{"count":0,"href":"https:\/\/www.alfaterm.com.br\/es\/wp-json\/wp\/v2\/pages\/333\/revisions"}],"wp:attachment":[{"href":"https:\/\/www.alfaterm.com.br\/es\/wp-json\/wp\/v2\/media?parent=333"}],"curies":[{"name":"wp","href":"https:\/\/api.w.org\/{rel}","templated":true}]}}