{"id":2329,"date":"2024-09-02T09:00:38","date_gmt":"2024-09-02T12:00:38","guid":{"rendered":"https:\/\/www.alfaterm.com.br\/?page_id=2329"},"modified":"2024-09-09T05:28:27","modified_gmt":"2024-09-09T08:28:27","slug":"torres-refrigeracao-industrial","status":"publish","type":"page","link":"https:\/\/www.alfaterm.com.br\/es\/informacoes\/torres-refrigeracao-industrial\/","title":{"rendered":"Torres de refrigera\u00e7\u00e3o industrial"},"content":{"rendered":"<p>Conhecida como torres de resfriamento ou torres de arrefecimento, as&nbsp;torres de refrigera\u00e7\u00e3o industrial&nbsp;s\u00e3o reservat\u00f3rios em formato de coluna onde se realiza a diminui\u00e7\u00e3o da temperatura de fluidos \u2013 \u00e1guas ou qualquer outra subst\u00e2ncia \u2013 provenientes de processos industriais. Com tamanhos variados que podem atingir at\u00e9 200m de altura e 100m de di\u00e2metro, as&nbsp;torres de refrigera\u00e7\u00e3o industrial&nbsp;s\u00e3o encontradas em diversos modelos que variam conforme as suas aplica\u00e7\u00f5es. A refrigera\u00e7\u00e3o pode ser feita de duas formas: por meio da evapora\u00e7\u00e3o de \u00e1gua ou atrav\u00e9s do pr\u00f3prio ar.<\/p>\n\n\n\n<h2 class=\"wp-block-heading\">PRINCIPAIS APLICA\u00c7\u00d5ES<\/h2>\n\n\n\n<p>As&nbsp;torres de refrigera\u00e7\u00e3o industrial&nbsp;s\u00e3o indispens\u00e1veis em diversas ind\u00fastrias, dentre elas: a aliment\u00edcia, a farmac\u00eautica, a qu\u00edmica, a de latic\u00ednios, as refinarias de petr\u00f3leo, as esta\u00e7\u00f5es de energia e outros lugares que necessitem resfriar grandes quantidades de l\u00edquido que ser\u00e3o utilizados em ambientes com grandes dimens\u00f5es.<\/p>\n\n\n\n<h2 class=\"wp-block-heading\">VANTAGENS DAS TORRES DE REFRIGERA\u00c7\u00c3O INDUSTRIAL<\/h2>\n\n\n\n<p>O trabalho das&nbsp;torres de refrigera\u00e7\u00e3o industrial&nbsp;\u00e9 extremamente importante para as ind\u00fastrias, j\u00e1 que elas promovem um baixo consumo de energia e, consequentemente, gastos menores. Al\u00e9m dessa vantagem, as&nbsp;torres de refrigera\u00e7\u00e3o industrial&nbsp;s\u00e3o fabricadas com um material extremamente resistente, o que garante a sua n\u00e3o corros\u00e3o com o tempo.<\/p>\n\n\n\n<p>Projetada de acordo com as normas t\u00e9cnicas e de seguran\u00e7a fixadas, as&nbsp;torres de refrigera\u00e7\u00e3o industrial&nbsp;s\u00e3o muito f\u00e1ceis de operar, al\u00e9m disso, elas tamb\u00e9m operaram de forma muito silenciosa, contribuindo para o bem-estar das pessoas em um ambiente mais organizado e tranquilo. Outra grande vantagem das&nbsp;torres de refrigera\u00e7\u00e3o industrial&nbsp;\u00e9 que, ao realizar manuten\u00e7\u00f5es preventivas e corretivas de forma peri\u00f3dica, a ocorr\u00eancia de problemas t\u00e9cnicos \u00e9 quase nula, o que representa um \u00f3timo investimento para as ind\u00fastrias.<\/p>\n\n\n\n<h2 class=\"wp-block-heading\">SERVI\u00c7OS E PROJETOS INDUSTRIAIS: \u00c9 ALFATERM<\/h2>\n\n\n\n<p>Inovadora, a ALFATERM Ind\u00fastria e Com\u00e9rcio Ltda vem se destacando no cen\u00e1rio de fabrica\u00e7\u00e3o e presta\u00e7\u00e3o de servi\u00e7os para o ramo industrial devido ao lan\u00e7amento de produtos qualificados e dur\u00e1veis em seu segmento.<\/p>\n\n\n\n<p>Com mais de 30 anos de experi\u00eancia, a ALFATERM Ind\u00fastria e Com\u00e9rcio Ltda oferece solu\u00e7\u00f5es inteligentes, ecologicamente corretas e extremamente eficazes, suprindo as necessidades de cada tipo de projeto. Com sede em Santana de Parna\u00edba \u2013 SP, a ALFATERM Ind\u00fastria e Com\u00e9rcio Ltda possui abrang\u00eancia de atendimento em toda a Am\u00e9rica Latina e Am\u00e9rica Central, constituindo-se assim, como uma empresa s\u00e9ria e muito bem conceituada.<\/p>\n\n\n\n<h2 class=\"wp-block-heading\">Para saber mais sobre Assist\u00eancia t\u00e9cnica em torres de resfriar<\/h2>\n\n\n\n<p>Ligue para&nbsp;<strong>11 4156-8930<\/strong>&nbsp;ou&nbsp;<a href=\"https:\/\/www.alfaterm.com.br\/es\/contacto\/\">clique aqui<\/a>&nbsp;e entre em contato por email.<\/p>","protected":false},"excerpt":{"rendered":"<p>Conhecida como torres de resfriamento ou torres de arrefecimento, as&nbsp;torres de refrigera\u00e7\u00e3o industrial&nbsp;s\u00e3o reservat\u00f3rios em formato de coluna onde se realiza a diminui\u00e7\u00e3o da temperatura de fluidos \u2013 \u00e1guas ou qualquer outra subst\u00e2ncia \u2013 provenientes de processos industriais. Com tamanhos variados que podem atingir at\u00e9 200m de altura e 100m de di\u00e2metro, as&nbsp;torres de refrigera\u00e7\u00e3o [&hellip;]<\/p>","protected":false},"author":1,"featured_media":2226,"parent":2144,"menu_order":0,"comment_status":"closed","ping_status":"closed","template":"","meta":{"_acf_changed":false,"_joinchat":[],"footnotes":""},"class_list":["post-2329","page","type-page","status-publish","has-post-thumbnail","hentry"],"acf":[],"yoast_head":"<!-- This site is optimized with the Yoast SEO Premium plugin v23.4 (Yoast SEO v27.1.1) - https:\/\/yoast.com\/product\/yoast-seo-premium-wordpress\/ -->\n<title>Torres de refrigera\u00e7\u00e3o industrial - Bem-vindo \u00e0 ALFATERM<\/title>\n<meta name=\"robots\" content=\"index, follow, max-snippet:-1, max-image-preview:large, max-video-preview:-1\" \/>\n<link rel=\"canonical\" href=\"https:\/\/www.alfaterm.com.br\/es\/informacoes\/torres-refrigeracao-industrial\/\" \/>\n<meta property=\"og:locale\" content=\"es_ES\" \/>\n<meta property=\"og:type\" content=\"article\" \/>\n<meta property=\"og:title\" content=\"Torres de refrigera\u00e7\u00e3o industrial\" \/>\n<meta property=\"og:description\" content=\"Conhecida como torres de resfriamento ou torres de arrefecimento, as&nbsp;torres de refrigera\u00e7\u00e3o industrial&nbsp;s\u00e3o reservat\u00f3rios em formato de coluna onde se realiza a diminui\u00e7\u00e3o da temperatura de fluidos \u2013 \u00e1guas ou qualquer outra subst\u00e2ncia \u2013 provenientes de processos industriais. Com tamanhos variados que podem atingir at\u00e9 200m de altura e 100m de di\u00e2metro, as&nbsp;torres de refrigera\u00e7\u00e3o [&hellip;]\" \/>\n<meta property=\"og:url\" content=\"https:\/\/www.alfaterm.com.br\/es\/informacoes\/torres-refrigeracao-industrial\/\" \/>\n<meta property=\"og:site_name\" content=\"Bem-vindo \u00e0 ALFATERM\" \/>\n<meta property=\"article:modified_time\" content=\"2024-09-09T08:28:27+00:00\" \/>\n<meta property=\"og:image\" content=\"https:\/\/www.alfaterm.com.br\/wp-content\/uploads\/2024\/09\/equipamento-torre-resfriamento.webp\" \/>\n\t<meta property=\"og:image:width\" content=\"269\" \/>\n\t<meta property=\"og:image:height\" content=\"232\" \/>\n\t<meta property=\"og:image:type\" content=\"image\/webp\" \/>\n<meta name=\"twitter:card\" content=\"summary_large_image\" \/>\n<meta name=\"twitter:label1\" content=\"Tiempo de lectura\" \/>\n\t<meta name=\"twitter:data1\" content=\"2 minutos\" \/>\n<script type=\"application\/ld+json\" class=\"yoast-schema-graph\">{\"@context\":\"https:\/\/schema.org\",\"@graph\":[{\"@type\":\"WebPage\",\"@id\":\"https:\/\/www.alfaterm.com.br\/informacoes\/torres-refrigeracao-industrial\/\",\"url\":\"https:\/\/www.alfaterm.com.br\/informacoes\/torres-refrigeracao-industrial\/\",\"name\":\"Torres de refrigera\u00e7\u00e3o industrial - Bem-vindo \u00e0 ALFATERM\",\"isPartOf\":{\"@id\":\"https:\/\/www.alfaterm.com.br\/#website\"},\"primaryImageOfPage\":{\"@id\":\"https:\/\/www.alfaterm.com.br\/informacoes\/torres-refrigeracao-industrial\/#primaryimage\"},\"image\":{\"@id\":\"https:\/\/www.alfaterm.com.br\/informacoes\/torres-refrigeracao-industrial\/#primaryimage\"},\"thumbnailUrl\":\"https:\/\/www.alfaterm.com.br\/wp-content\/uploads\/2024\/09\/equipamento-torre-resfriamento.webp\",\"datePublished\":\"2024-09-02T12:00:38+00:00\",\"dateModified\":\"2024-09-09T08:28:27+00:00\",\"breadcrumb\":{\"@id\":\"https:\/\/www.alfaterm.com.br\/informacoes\/torres-refrigeracao-industrial\/#breadcrumb\"},\"inLanguage\":\"es\",\"potentialAction\":[{\"@type\":\"ReadAction\",\"target\":[\"https:\/\/www.alfaterm.com.br\/informacoes\/torres-refrigeracao-industrial\/\"]}]},{\"@type\":\"ImageObject\",\"inLanguage\":\"es\",\"@id\":\"https:\/\/www.alfaterm.com.br\/informacoes\/torres-refrigeracao-industrial\/#primaryimage\",\"url\":\"https:\/\/www.alfaterm.com.br\/wp-content\/uploads\/2024\/09\/equipamento-torre-resfriamento.webp\",\"contentUrl\":\"https:\/\/www.alfaterm.com.br\/wp-content\/uploads\/2024\/09\/equipamento-torre-resfriamento.webp\",\"width\":269,\"height\":232},{\"@type\":\"BreadcrumbList\",\"@id\":\"https:\/\/www.alfaterm.com.br\/informacoes\/torres-refrigeracao-industrial\/#breadcrumb\",\"itemListElement\":[{\"@type\":\"ListItem\",\"position\":1,\"name\":\"Home\",\"item\":\"https:\/\/www.alfaterm.com.br\/\"},{\"@type\":\"ListItem\",\"position\":2,\"name\":\"Informa\u00e7\u00f5es\",\"item\":\"https:\/\/www.alfaterm.com.br\/informacoes\/\"},{\"@type\":\"ListItem\",\"position\":3,\"name\":\"Torres de refrigera\u00e7\u00e3o industrial\"}]},{\"@type\":\"WebSite\",\"@id\":\"https:\/\/www.alfaterm.com.br\/#website\",\"url\":\"https:\/\/www.alfaterm.com.br\/\",\"name\":\"Bem-vindo \u00e0 ALFATERM\",\"description\":\"\",\"publisher\":{\"@id\":\"https:\/\/www.alfaterm.com.br\/#organization\"},\"potentialAction\":[{\"@type\":\"SearchAction\",\"target\":{\"@type\":\"EntryPoint\",\"urlTemplate\":\"https:\/\/www.alfaterm.com.br\/?s={search_term_string}\"},\"query-input\":{\"@type\":\"PropertyValueSpecification\",\"valueRequired\":true,\"valueName\":\"search_term_string\"}}],\"inLanguage\":\"es\"},{\"@type\":\"Organization\",\"@id\":\"https:\/\/www.alfaterm.com.br\/#organization\",\"name\":\"Bem-vindo \u00e0 ALFATERM\",\"url\":\"https:\/\/www.alfaterm.com.br\/\",\"logo\":{\"@type\":\"ImageObject\",\"inLanguage\":\"es\",\"@id\":\"https:\/\/www.alfaterm.com.br\/#\/schema\/logo\/image\/\",\"url\":\"https:\/\/www.alfaterm.com.br\/wp-content\/uploads\/2024\/07\/logo-alfaterm.png\",\"contentUrl\":\"https:\/\/www.alfaterm.com.br\/wp-content\/uploads\/2024\/07\/logo-alfaterm.png\",\"width\":393,\"height\":45,\"caption\":\"Bem-vindo \u00e0 ALFATERM\"},\"image\":{\"@id\":\"https:\/\/www.alfaterm.com.br\/#\/schema\/logo\/image\/\"}}]}<\/script>\n<!-- \/ Yoast SEO Premium plugin. -->","yoast_head_json":{"title":"Torres de refrigera\u00e7\u00e3o industrial - Bem-vindo \u00e0 ALFATERM","robots":{"index":"index","follow":"follow","max-snippet":"max-snippet:-1","max-image-preview":"max-image-preview:large","max-video-preview":"max-video-preview:-1"},"canonical":"https:\/\/www.alfaterm.com.br\/es\/informacoes\/torres-refrigeracao-industrial\/","og_locale":"es_ES","og_type":"article","og_title":"Torres de refrigera\u00e7\u00e3o industrial","og_description":"Conhecida como torres de resfriamento ou torres de arrefecimento, as&nbsp;torres de refrigera\u00e7\u00e3o industrial&nbsp;s\u00e3o reservat\u00f3rios em formato de coluna onde se realiza a diminui\u00e7\u00e3o da temperatura de fluidos \u2013 \u00e1guas ou qualquer outra subst\u00e2ncia \u2013 provenientes de processos industriais. Com tamanhos variados que podem atingir at\u00e9 200m de altura e 100m de di\u00e2metro, as&nbsp;torres de refrigera\u00e7\u00e3o [&hellip;]","og_url":"https:\/\/www.alfaterm.com.br\/es\/informacoes\/torres-refrigeracao-industrial\/","og_site_name":"Bem-vindo \u00e0 ALFATERM","article_modified_time":"2024-09-09T08:28:27+00:00","og_image":[{"width":269,"height":232,"url":"https:\/\/www.alfaterm.com.br\/wp-content\/uploads\/2024\/09\/equipamento-torre-resfriamento.webp","type":"image\/webp"}],"twitter_card":"summary_large_image","twitter_misc":{"Tiempo de lectura":"2 minutos"},"schema":{"@context":"https:\/\/schema.org","@graph":[{"@type":"WebPage","@id":"https:\/\/www.alfaterm.com.br\/informacoes\/torres-refrigeracao-industrial\/","url":"https:\/\/www.alfaterm.com.br\/informacoes\/torres-refrigeracao-industrial\/","name":"Torres de refrigera\u00e7\u00e3o industrial - Bem-vindo \u00e0 ALFATERM","isPartOf":{"@id":"https:\/\/www.alfaterm.com.br\/#website"},"primaryImageOfPage":{"@id":"https:\/\/www.alfaterm.com.br\/informacoes\/torres-refrigeracao-industrial\/#primaryimage"},"image":{"@id":"https:\/\/www.alfaterm.com.br\/informacoes\/torres-refrigeracao-industrial\/#primaryimage"},"thumbnailUrl":"https:\/\/www.alfaterm.com.br\/wp-content\/uploads\/2024\/09\/equipamento-torre-resfriamento.webp","datePublished":"2024-09-02T12:00:38+00:00","dateModified":"2024-09-09T08:28:27+00:00","breadcrumb":{"@id":"https:\/\/www.alfaterm.com.br\/informacoes\/torres-refrigeracao-industrial\/#breadcrumb"},"inLanguage":"es","potentialAction":[{"@type":"ReadAction","target":["https:\/\/www.alfaterm.com.br\/informacoes\/torres-refrigeracao-industrial\/"]}]},{"@type":"ImageObject","inLanguage":"es","@id":"https:\/\/www.alfaterm.com.br\/informacoes\/torres-refrigeracao-industrial\/#primaryimage","url":"https:\/\/www.alfaterm.com.br\/wp-content\/uploads\/2024\/09\/equipamento-torre-resfriamento.webp","contentUrl":"https:\/\/www.alfaterm.com.br\/wp-content\/uploads\/2024\/09\/equipamento-torre-resfriamento.webp","width":269,"height":232},{"@type":"BreadcrumbList","@id":"https:\/\/www.alfaterm.com.br\/informacoes\/torres-refrigeracao-industrial\/#breadcrumb","itemListElement":[{"@type":"ListItem","position":1,"name":"Home","item":"https:\/\/www.alfaterm.com.br\/"},{"@type":"ListItem","position":2,"name":"Informa\u00e7\u00f5es","item":"https:\/\/www.alfaterm.com.br\/informacoes\/"},{"@type":"ListItem","position":3,"name":"Torres de refrigera\u00e7\u00e3o industrial"}]},{"@type":"WebSite","@id":"https:\/\/www.alfaterm.com.br\/#website","url":"https:\/\/www.alfaterm.com.br\/","name":"Bem-vindo \u00e0 ALFATERM","description":"","publisher":{"@id":"https:\/\/www.alfaterm.com.br\/#organization"},"potentialAction":[{"@type":"SearchAction","target":{"@type":"EntryPoint","urlTemplate":"https:\/\/www.alfaterm.com.br\/?s={search_term_string}"},"query-input":{"@type":"PropertyValueSpecification","valueRequired":true,"valueName":"search_term_string"}}],"inLanguage":"es"},{"@type":"Organization","@id":"https:\/\/www.alfaterm.com.br\/#organization","name":"Bem-vindo \u00e0 ALFATERM","url":"https:\/\/www.alfaterm.com.br\/","logo":{"@type":"ImageObject","inLanguage":"es","@id":"https:\/\/www.alfaterm.com.br\/#\/schema\/logo\/image\/","url":"https:\/\/www.alfaterm.com.br\/wp-content\/uploads\/2024\/07\/logo-alfaterm.png","contentUrl":"https:\/\/www.alfaterm.com.br\/wp-content\/uploads\/2024\/07\/logo-alfaterm.png","width":393,"height":45,"caption":"Bem-vindo \u00e0 ALFATERM"},"image":{"@id":"https:\/\/www.alfaterm.com.br\/#\/schema\/logo\/image\/"}}]}},"_links":{"self":[{"href":"https:\/\/www.alfaterm.com.br\/es\/wp-json\/wp\/v2\/pages\/2329","targetHints":{"allow":["GET"]}}],"collection":[{"href":"https:\/\/www.alfaterm.com.br\/es\/wp-json\/wp\/v2\/pages"}],"about":[{"href":"https:\/\/www.alfaterm.com.br\/es\/wp-json\/wp\/v2\/types\/page"}],"author":[{"embeddable":true,"href":"https:\/\/www.alfaterm.com.br\/es\/wp-json\/wp\/v2\/users\/1"}],"replies":[{"embeddable":true,"href":"https:\/\/www.alfaterm.com.br\/es\/wp-json\/wp\/v2\/comments?post=2329"}],"version-history":[{"count":0,"href":"https:\/\/www.alfaterm.com.br\/es\/wp-json\/wp\/v2\/pages\/2329\/revisions"}],"up":[{"embeddable":true,"href":"https:\/\/www.alfaterm.com.br\/es\/wp-json\/wp\/v2\/pages\/2144"}],"wp:featuredmedia":[{"embeddable":true,"href":"https:\/\/www.alfaterm.com.br\/es\/wp-json\/wp\/v2\/media\/2226"}],"wp:attachment":[{"href":"https:\/\/www.alfaterm.com.br\/es\/wp-json\/wp\/v2\/media?parent=2329"}],"curies":[{"name":"wp","href":"https:\/\/api.w.org\/{rel}","templated":true}]}}