{"id":2294,"date":"2024-09-02T08:47:36","date_gmt":"2024-09-02T11:47:36","guid":{"rendered":"https:\/\/www.alfaterm.com.br\/?page_id=2294"},"modified":"2024-09-09T05:16:09","modified_gmt":"2024-09-09T08:16:09","slug":"torre-resfriamento-ventilador-centrifugo","status":"publish","type":"page","link":"https:\/\/www.alfaterm.com.br\/es\/informacoes\/torre-resfriamento-ventilador-centrifugo\/","title":{"rendered":"Torre de resfriamento com ventilador centr\u00edfugo"},"content":{"rendered":"<p>A&nbsp;torre de resfriamento com ventilador centr\u00edfugo&nbsp;\u00e9 o equipamento utilizado em instala\u00e7\u00f5es de ar condicionado e instala\u00e7\u00f5es industriais, que produz a forma mais eficaz de troca de calor atrav\u00e9s do sistema de resfriamento por evapora\u00e7\u00e3o. A fun\u00e7\u00e3o da&nbsp;torre de resfriamento com ventilador centr\u00edfugo&nbsp;\u00e9 a de recircular a \u00e1gua de resfriamento sucessivas vezes, permitindo o seu reuso e, consequentemente, a redu\u00e7\u00e3o do consumo de \u00e1gua na produ\u00e7\u00e3o. A circula\u00e7\u00e3o de \u00e1gua e ar que ocorre na&nbsp;torre de resfriamento com ventilador centr\u00edfugo&nbsp;promove a limpeza e a purifica\u00e7\u00e3o do ar atmosf\u00e9rico que est\u00e1 no seu entorno.<\/p>\n\n\n\n<h2 class=\"wp-block-heading\">COMPOSI\u00c7AO E VANTAGENS DA TORRE DE RESFRIAMENTO COM VENTILADOR CENTR\u00cdFUGO<\/h2>\n\n\n\n<p>A&nbsp;torre de resfriamento com ventilador centr\u00edfugo&nbsp;\u00e9 formada por uma chapa de a\u00e7o zincado a quente, tem uma pintura especial de prote\u00e7\u00e3o al\u00e9m de ventiladores axiais.<\/p>\n\n\n\n<p>O projeto da&nbsp;torre de resfriamento com ventilador centr\u00edfugo&nbsp;deve atender \u00e0s normas que regulamentam os n\u00edveis de ru\u00eddo no ambiente industrial e urbano e, para locais cr\u00edticos, deve ser prevista a coloca\u00e7\u00e3o de atenuadores de ru\u00eddo ou equipamentos que reduzem a rota\u00e7\u00e3o dos ventiladores.<\/p>\n\n\n\n<p>A&nbsp;torre de resfriamento com ventilador centr\u00edfugo&nbsp;permite a reutiliza\u00e7\u00e3o sucessiva da \u00e1gua resfriada, o que reduz consideravelmente os custos de consumo de \u00e1gua e esgoto que vem do sistema convencional.<\/p>\n\n\n\n<p>Elas s\u00e3o resistentes \u00e0 deteriora\u00e7\u00e3o, suportam temperaturas de \u00e1gua at\u00e9 130\u00b0F, possuem eliminadores de gotas de alta efici\u00eancia e ainda podem seguir a classifica\u00e7\u00e3o de propaga\u00e7\u00e3o de chamas at\u00e9 o n\u00famero 5.<\/p>\n\n\n\n<p>O uso da&nbsp;torre de resfriamento com ventilador centr\u00edfugo&nbsp;\u00e9 ecologicamente correto e protege o meio ambiente, uma vez que favorece o tratamento de \u00e1gua e, al\u00e9m disso, facilita o descarte de res\u00edduos s\u00f3lidos que ficam decantados ao final do processo de resfriamento.<\/p>\n\n\n\n<h2 class=\"wp-block-heading\">ALFATERM IND\u00daSTRIA E COM\u00c9RCIO LTDA. \u2013 A MELHOR IND\u00daSTRIA DE TORRE DE RESFRIAMENTO COM VENTILADOR CENTR\u00cdFUGO<\/h2>\n\n\n\n<p>A ALFATERM Ind\u00fastria e Com\u00e9rcio Ltda. tem mais de 28 anos de experi\u00eancia no ramo de fabrica\u00e7\u00e3o, instala\u00e7\u00e3o e manuten\u00e7\u00e3o de torres de resfriamento de \u00e1gua.<\/p>\n\n\n\n<p>Com produtos e servi\u00e7os inovadores, a ALFATERM Ind\u00fastria e Com\u00e9rcio Ltda. oferece solu\u00e7\u00f5es sob medida para cada cliente, o que abrange a pesquisa e o desenvolvimento de projetos, o uso de mat\u00e9ria-prima de qualidade, al\u00e9m da disponibiliza\u00e7\u00e3o de modernos recursos tecnol\u00f3gicos e softwares de apoio.<\/p>\n\n\n\n<h2 class=\"wp-block-heading\">Para saber mais sobre Assist\u00eancia t\u00e9cnica em torres de resfriar<\/h2>\n\n\n\n<p>Ligue para&nbsp;<strong>11 4156-8930<\/strong>&nbsp;ou&nbsp;<a href=\"https:\/\/www.alfaterm.com.br\/es\/contacto\/\">clique aqui<\/a>&nbsp;e entre em contato por email.<\/p>","protected":false},"excerpt":{"rendered":"<p>A&nbsp;torre de resfriamento com ventilador centr\u00edfugo&nbsp;\u00e9 o equipamento utilizado em instala\u00e7\u00f5es de ar condicionado e instala\u00e7\u00f5es industriais, que produz a forma mais eficaz de troca de calor atrav\u00e9s do sistema de resfriamento por evapora\u00e7\u00e3o. A fun\u00e7\u00e3o da&nbsp;torre de resfriamento com ventilador centr\u00edfugo&nbsp;\u00e9 a de recircular a \u00e1gua de resfriamento sucessivas vezes, permitindo o seu reuso [&hellip;]<\/p>","protected":false},"author":1,"featured_media":2319,"parent":2144,"menu_order":0,"comment_status":"closed","ping_status":"closed","template":"","meta":{"_acf_changed":false,"_joinchat":[],"footnotes":""},"class_list":["post-2294","page","type-page","status-publish","has-post-thumbnail","hentry"],"acf":[],"yoast_head":"<!-- This site is optimized with the Yoast SEO Premium plugin v23.4 (Yoast SEO v27.1.1) - https:\/\/yoast.com\/product\/yoast-seo-premium-wordpress\/ -->\n<title>Torre de resfriamento com ventilador centr\u00edfugo - Bem-vindo \u00e0 ALFATERM<\/title>\n<meta name=\"robots\" content=\"index, follow, max-snippet:-1, max-image-preview:large, max-video-preview:-1\" \/>\n<link rel=\"canonical\" href=\"https:\/\/www.alfaterm.com.br\/es\/informacoes\/torre-resfriamento-ventilador-centrifugo\/\" \/>\n<meta property=\"og:locale\" content=\"es_ES\" \/>\n<meta property=\"og:type\" content=\"article\" \/>\n<meta property=\"og:title\" content=\"Torre de resfriamento com ventilador centr\u00edfugo\" \/>\n<meta property=\"og:description\" content=\"A&nbsp;torre de resfriamento com ventilador centr\u00edfugo&nbsp;\u00e9 o equipamento utilizado em instala\u00e7\u00f5es de ar condicionado e instala\u00e7\u00f5es industriais, que produz a forma mais eficaz de troca de calor atrav\u00e9s do sistema de resfriamento por evapora\u00e7\u00e3o. A fun\u00e7\u00e3o da&nbsp;torre de resfriamento com ventilador centr\u00edfugo&nbsp;\u00e9 a de recircular a \u00e1gua de resfriamento sucessivas vezes, permitindo o seu reuso [&hellip;]\" \/>\n<meta property=\"og:url\" content=\"https:\/\/www.alfaterm.com.br\/es\/informacoes\/torre-resfriamento-ventilador-centrifugo\/\" \/>\n<meta property=\"og:site_name\" content=\"Bem-vindo \u00e0 ALFATERM\" \/>\n<meta property=\"article:modified_time\" content=\"2024-09-09T08:16:09+00:00\" \/>\n<meta property=\"og:image\" content=\"https:\/\/www.alfaterm.com.br\/wp-content\/uploads\/2024\/09\/torre-resfriamento-ventilador-centrifugo.webp\" \/>\n\t<meta property=\"og:image:width\" content=\"800\" \/>\n\t<meta property=\"og:image:height\" content=\"1421\" \/>\n\t<meta property=\"og:image:type\" content=\"image\/webp\" \/>\n<meta name=\"twitter:card\" content=\"summary_large_image\" \/>\n<meta name=\"twitter:label1\" content=\"Tiempo de lectura\" \/>\n\t<meta name=\"twitter:data1\" content=\"2 minutos\" \/>\n<script type=\"application\/ld+json\" class=\"yoast-schema-graph\">{\"@context\":\"https:\/\/schema.org\",\"@graph\":[{\"@type\":\"WebPage\",\"@id\":\"https:\/\/www.alfaterm.com.br\/informacoes\/torre-resfriamento-ventilador-centrifugo\/\",\"url\":\"https:\/\/www.alfaterm.com.br\/informacoes\/torre-resfriamento-ventilador-centrifugo\/\",\"name\":\"Torre de resfriamento com ventilador centr\u00edfugo - Bem-vindo \u00e0 ALFATERM\",\"isPartOf\":{\"@id\":\"https:\/\/www.alfaterm.com.br\/#website\"},\"primaryImageOfPage\":{\"@id\":\"https:\/\/www.alfaterm.com.br\/informacoes\/torre-resfriamento-ventilador-centrifugo\/#primaryimage\"},\"image\":{\"@id\":\"https:\/\/www.alfaterm.com.br\/informacoes\/torre-resfriamento-ventilador-centrifugo\/#primaryimage\"},\"thumbnailUrl\":\"https:\/\/www.alfaterm.com.br\/wp-content\/uploads\/2024\/09\/torre-resfriamento-ventilador-centrifugo.webp\",\"datePublished\":\"2024-09-02T11:47:36+00:00\",\"dateModified\":\"2024-09-09T08:16:09+00:00\",\"breadcrumb\":{\"@id\":\"https:\/\/www.alfaterm.com.br\/informacoes\/torre-resfriamento-ventilador-centrifugo\/#breadcrumb\"},\"inLanguage\":\"es\",\"potentialAction\":[{\"@type\":\"ReadAction\",\"target\":[\"https:\/\/www.alfaterm.com.br\/informacoes\/torre-resfriamento-ventilador-centrifugo\/\"]}]},{\"@type\":\"ImageObject\",\"inLanguage\":\"es\",\"@id\":\"https:\/\/www.alfaterm.com.br\/informacoes\/torre-resfriamento-ventilador-centrifugo\/#primaryimage\",\"url\":\"https:\/\/www.alfaterm.com.br\/wp-content\/uploads\/2024\/09\/torre-resfriamento-ventilador-centrifugo.webp\",\"contentUrl\":\"https:\/\/www.alfaterm.com.br\/wp-content\/uploads\/2024\/09\/torre-resfriamento-ventilador-centrifugo.webp\",\"width\":800,\"height\":1421},{\"@type\":\"BreadcrumbList\",\"@id\":\"https:\/\/www.alfaterm.com.br\/informacoes\/torre-resfriamento-ventilador-centrifugo\/#breadcrumb\",\"itemListElement\":[{\"@type\":\"ListItem\",\"position\":1,\"name\":\"Home\",\"item\":\"https:\/\/www.alfaterm.com.br\/\"},{\"@type\":\"ListItem\",\"position\":2,\"name\":\"Informa\u00e7\u00f5es\",\"item\":\"https:\/\/www.alfaterm.com.br\/informacoes\/\"},{\"@type\":\"ListItem\",\"position\":3,\"name\":\"Torre de resfriamento com ventilador centr\u00edfugo\"}]},{\"@type\":\"WebSite\",\"@id\":\"https:\/\/www.alfaterm.com.br\/#website\",\"url\":\"https:\/\/www.alfaterm.com.br\/\",\"name\":\"Bem-vindo \u00e0 ALFATERM\",\"description\":\"\",\"publisher\":{\"@id\":\"https:\/\/www.alfaterm.com.br\/#organization\"},\"potentialAction\":[{\"@type\":\"SearchAction\",\"target\":{\"@type\":\"EntryPoint\",\"urlTemplate\":\"https:\/\/www.alfaterm.com.br\/?s={search_term_string}\"},\"query-input\":{\"@type\":\"PropertyValueSpecification\",\"valueRequired\":true,\"valueName\":\"search_term_string\"}}],\"inLanguage\":\"es\"},{\"@type\":\"Organization\",\"@id\":\"https:\/\/www.alfaterm.com.br\/#organization\",\"name\":\"Bem-vindo \u00e0 ALFATERM\",\"url\":\"https:\/\/www.alfaterm.com.br\/\",\"logo\":{\"@type\":\"ImageObject\",\"inLanguage\":\"es\",\"@id\":\"https:\/\/www.alfaterm.com.br\/#\/schema\/logo\/image\/\",\"url\":\"https:\/\/www.alfaterm.com.br\/wp-content\/uploads\/2024\/07\/logo-alfaterm.png\",\"contentUrl\":\"https:\/\/www.alfaterm.com.br\/wp-content\/uploads\/2024\/07\/logo-alfaterm.png\",\"width\":393,\"height\":45,\"caption\":\"Bem-vindo \u00e0 ALFATERM\"},\"image\":{\"@id\":\"https:\/\/www.alfaterm.com.br\/#\/schema\/logo\/image\/\"}}]}<\/script>\n<!-- \/ Yoast SEO Premium plugin. -->","yoast_head_json":{"title":"Torre de resfriamento com ventilador centr\u00edfugo - Bem-vindo \u00e0 ALFATERM","robots":{"index":"index","follow":"follow","max-snippet":"max-snippet:-1","max-image-preview":"max-image-preview:large","max-video-preview":"max-video-preview:-1"},"canonical":"https:\/\/www.alfaterm.com.br\/es\/informacoes\/torre-resfriamento-ventilador-centrifugo\/","og_locale":"es_ES","og_type":"article","og_title":"Torre de resfriamento com ventilador centr\u00edfugo","og_description":"A&nbsp;torre de resfriamento com ventilador centr\u00edfugo&nbsp;\u00e9 o equipamento utilizado em instala\u00e7\u00f5es de ar condicionado e instala\u00e7\u00f5es industriais, que produz a forma mais eficaz de troca de calor atrav\u00e9s do sistema de resfriamento por evapora\u00e7\u00e3o. A fun\u00e7\u00e3o da&nbsp;torre de resfriamento com ventilador centr\u00edfugo&nbsp;\u00e9 a de recircular a \u00e1gua de resfriamento sucessivas vezes, permitindo o seu reuso [&hellip;]","og_url":"https:\/\/www.alfaterm.com.br\/es\/informacoes\/torre-resfriamento-ventilador-centrifugo\/","og_site_name":"Bem-vindo \u00e0 ALFATERM","article_modified_time":"2024-09-09T08:16:09+00:00","og_image":[{"width":800,"height":1421,"url":"https:\/\/www.alfaterm.com.br\/wp-content\/uploads\/2024\/09\/torre-resfriamento-ventilador-centrifugo.webp","type":"image\/webp"}],"twitter_card":"summary_large_image","twitter_misc":{"Tiempo de lectura":"2 minutos"},"schema":{"@context":"https:\/\/schema.org","@graph":[{"@type":"WebPage","@id":"https:\/\/www.alfaterm.com.br\/informacoes\/torre-resfriamento-ventilador-centrifugo\/","url":"https:\/\/www.alfaterm.com.br\/informacoes\/torre-resfriamento-ventilador-centrifugo\/","name":"Torre de resfriamento com ventilador centr\u00edfugo - Bem-vindo \u00e0 ALFATERM","isPartOf":{"@id":"https:\/\/www.alfaterm.com.br\/#website"},"primaryImageOfPage":{"@id":"https:\/\/www.alfaterm.com.br\/informacoes\/torre-resfriamento-ventilador-centrifugo\/#primaryimage"},"image":{"@id":"https:\/\/www.alfaterm.com.br\/informacoes\/torre-resfriamento-ventilador-centrifugo\/#primaryimage"},"thumbnailUrl":"https:\/\/www.alfaterm.com.br\/wp-content\/uploads\/2024\/09\/torre-resfriamento-ventilador-centrifugo.webp","datePublished":"2024-09-02T11:47:36+00:00","dateModified":"2024-09-09T08:16:09+00:00","breadcrumb":{"@id":"https:\/\/www.alfaterm.com.br\/informacoes\/torre-resfriamento-ventilador-centrifugo\/#breadcrumb"},"inLanguage":"es","potentialAction":[{"@type":"ReadAction","target":["https:\/\/www.alfaterm.com.br\/informacoes\/torre-resfriamento-ventilador-centrifugo\/"]}]},{"@type":"ImageObject","inLanguage":"es","@id":"https:\/\/www.alfaterm.com.br\/informacoes\/torre-resfriamento-ventilador-centrifugo\/#primaryimage","url":"https:\/\/www.alfaterm.com.br\/wp-content\/uploads\/2024\/09\/torre-resfriamento-ventilador-centrifugo.webp","contentUrl":"https:\/\/www.alfaterm.com.br\/wp-content\/uploads\/2024\/09\/torre-resfriamento-ventilador-centrifugo.webp","width":800,"height":1421},{"@type":"BreadcrumbList","@id":"https:\/\/www.alfaterm.com.br\/informacoes\/torre-resfriamento-ventilador-centrifugo\/#breadcrumb","itemListElement":[{"@type":"ListItem","position":1,"name":"Home","item":"https:\/\/www.alfaterm.com.br\/"},{"@type":"ListItem","position":2,"name":"Informa\u00e7\u00f5es","item":"https:\/\/www.alfaterm.com.br\/informacoes\/"},{"@type":"ListItem","position":3,"name":"Torre de resfriamento com ventilador centr\u00edfugo"}]},{"@type":"WebSite","@id":"https:\/\/www.alfaterm.com.br\/#website","url":"https:\/\/www.alfaterm.com.br\/","name":"Bem-vindo \u00e0 ALFATERM","description":"","publisher":{"@id":"https:\/\/www.alfaterm.com.br\/#organization"},"potentialAction":[{"@type":"SearchAction","target":{"@type":"EntryPoint","urlTemplate":"https:\/\/www.alfaterm.com.br\/?s={search_term_string}"},"query-input":{"@type":"PropertyValueSpecification","valueRequired":true,"valueName":"search_term_string"}}],"inLanguage":"es"},{"@type":"Organization","@id":"https:\/\/www.alfaterm.com.br\/#organization","name":"Bem-vindo \u00e0 ALFATERM","url":"https:\/\/www.alfaterm.com.br\/","logo":{"@type":"ImageObject","inLanguage":"es","@id":"https:\/\/www.alfaterm.com.br\/#\/schema\/logo\/image\/","url":"https:\/\/www.alfaterm.com.br\/wp-content\/uploads\/2024\/07\/logo-alfaterm.png","contentUrl":"https:\/\/www.alfaterm.com.br\/wp-content\/uploads\/2024\/07\/logo-alfaterm.png","width":393,"height":45,"caption":"Bem-vindo \u00e0 ALFATERM"},"image":{"@id":"https:\/\/www.alfaterm.com.br\/#\/schema\/logo\/image\/"}}]}},"_links":{"self":[{"href":"https:\/\/www.alfaterm.com.br\/es\/wp-json\/wp\/v2\/pages\/2294","targetHints":{"allow":["GET"]}}],"collection":[{"href":"https:\/\/www.alfaterm.com.br\/es\/wp-json\/wp\/v2\/pages"}],"about":[{"href":"https:\/\/www.alfaterm.com.br\/es\/wp-json\/wp\/v2\/types\/page"}],"author":[{"embeddable":true,"href":"https:\/\/www.alfaterm.com.br\/es\/wp-json\/wp\/v2\/users\/1"}],"replies":[{"embeddable":true,"href":"https:\/\/www.alfaterm.com.br\/es\/wp-json\/wp\/v2\/comments?post=2294"}],"version-history":[{"count":0,"href":"https:\/\/www.alfaterm.com.br\/es\/wp-json\/wp\/v2\/pages\/2294\/revisions"}],"up":[{"embeddable":true,"href":"https:\/\/www.alfaterm.com.br\/es\/wp-json\/wp\/v2\/pages\/2144"}],"wp:featuredmedia":[{"embeddable":true,"href":"https:\/\/www.alfaterm.com.br\/es\/wp-json\/wp\/v2\/media\/2319"}],"wp:attachment":[{"href":"https:\/\/www.alfaterm.com.br\/es\/wp-json\/wp\/v2\/media?parent=2294"}],"curies":[{"name":"wp","href":"https:\/\/api.w.org\/{rel}","templated":true}]}}