{"id":2295,"date":"2024-09-02T08:47:47","date_gmt":"2024-09-02T11:47:47","guid":{"rendered":"https:\/\/www.alfaterm.com.br\/?page_id=2295"},"modified":"2024-09-09T05:17:03","modified_gmt":"2024-09-09T08:17:03","slug":"torre-resfriamento-compacta","status":"publish","type":"page","link":"https:\/\/www.alfaterm.com.br\/en\/informacoes\/torre-resfriamento-compacta\/","title":{"rendered":"Torre de resfriamento compacta"},"content":{"rendered":"<p>A&nbsp;torre de resfriamento compacta&nbsp;consiste em um dispositivo de remo\u00e7\u00e3o de calor utilizado para transferir o calor de um processo espec\u00edfico para a atmosfera. Podendo utilizar meios como a evapora\u00e7\u00e3o de \u00e1gua ou o ar para resfriar o fluido de trabalho, a&nbsp;torre de resfriamento compacta&nbsp;\u00e9 ideal para o atendimento de pequenas capacidades, como por exemplo, vaz\u00f5es entre 2 e 350M3\/h e 10 e 500m3\/h.<\/p>\n\n\n\n<h2 class=\"wp-block-heading\">MAIS INFORMA\u00c7\u00d5ES SOBRE A TORRE DE RESFRIAMENTO COMPACTA<\/h2>\n\n\n\n<p>As aplica\u00e7\u00f5es mais comuns para a&nbsp;torre de resfriamento compacta&nbsp;s\u00e3o em: refinarias de petr\u00f3leo, ind\u00fastrias qu\u00edmicas, esta\u00e7\u00f5es de energia, refrigera\u00e7\u00e3o de edif\u00edcios e outros lugares que necessitam dos servi\u00e7os de refrigera\u00e7\u00e3o, assim, ela \u00e9 capaz de adequar-se as mais variadas situa\u00e7\u00f5es.<\/p>\n\n\n\n<p>A&nbsp;torre de resfriamento compacta&nbsp;\u00e9 uma \u00f3tima op\u00e7\u00e3o para empresas e ind\u00fastrias que buscam o baixo consumo de energia e, consequentemente, o menor custo benef\u00edcio. Projetada por engenheiros especializados, a&nbsp;torre de resfriamento compacta&nbsp;\u00e9 constru\u00edda, em sua maioria, com o PRFV (pl\u00e1stico refor\u00e7ado com fibra de vidro), o que garante uma durabilidade maior e mostra-se totalmente resistente \u00e0 corros\u00e3o.<\/p>\n\n\n\n<p>Outra grande vantagem da&nbsp;torre de resfriamento compacta&nbsp;\u00e9, justamente, o seu tamanho: por ser menor, ela se adequa aos mais variados lugares e situa\u00e7\u00f5es sem grandes problemas. A&nbsp;torre de resfriamento compacta&nbsp;tamb\u00e9m \u00e9 projetada para possibilitar uma montagem extremamente simplificada, otimizando o tempo e facilitando processos como a manuten\u00e7\u00e3o e a limpeza.<\/p>\n\n\n\n<p>Al\u00e9m disso, a&nbsp;torre de resfriamento compacta&nbsp;trabalha com um baixo n\u00edvel de ru\u00eddo, contribuindo assim, para o bem-estar das pessoas e a organiza\u00e7\u00e3o do espa\u00e7o em que ela ser\u00e1 instalada.<\/p>\n\n\n\n<h2 class=\"wp-block-heading\">SOLU\u00c7\u00d5ES INTELIGENTES PARA TORRES DE RESFRIAMENTO DE \u00c1GUA<\/h2>\n\n\n\n<p>Desde 1986 a ALFATERM Ind\u00fastria e Com\u00e9rcio Ltda atua como fabricante e prestadora de servi\u00e7os no segmento de torres de resfriamento de \u00e1gua em toda a Am\u00e9rica Latina e Am\u00e9rica Central. Com sede em Santana de Parna\u00edba, SP \u2013 a ALFATERM Ind\u00fastria e Com\u00e9rcio Ltda est\u00e1 preparada para atender seus clientes de forma respons\u00e1vel e eficaz.<\/p>\n\n\n\n<p>Com produtos de \u00faltima gera\u00e7\u00e3o e colaboradores treinados, a ALFATERM Ind\u00fastria e Com\u00e9rcio Ltda conseguiu manter-se s\u00f3lida, tornando-se reconhecida e respeitada em seu segmento. Al\u00e9m de assegurar a satisfa\u00e7\u00e3o do cliente, a ALFATERM Ind\u00fastria e Com\u00e9rcio Ltda preocupa-se em oferecer solu\u00e7\u00f5es ecologicamente corretas, zelando pelo bem de todo o planeta.<\/p>\n\n\n\n<h2 class=\"wp-block-heading\">Para saber mais sobre Assist\u00eancia t\u00e9cnica em torres de resfriar<\/h2>\n\n\n\n<p>Ligue para&nbsp;<strong>11 4156-8930<\/strong>&nbsp;ou&nbsp;<a href=\"https:\/\/www.alfaterm.com.br\/en\/contact\/\">clique aqui<\/a>&nbsp;e entre em contato por email.<\/p>","protected":false},"excerpt":{"rendered":"<p>A&nbsp;torre de resfriamento compacta&nbsp;consiste em um dispositivo de remo\u00e7\u00e3o de calor utilizado para transferir o calor de um processo espec\u00edfico para a atmosfera. Podendo utilizar meios como a evapora\u00e7\u00e3o de \u00e1gua ou o ar para resfriar o fluido de trabalho, a&nbsp;torre de resfriamento compacta&nbsp;\u00e9 ideal para o atendimento de pequenas capacidades, como por exemplo, vaz\u00f5es [&hellip;]<\/p>","protected":false},"author":1,"featured_media":2227,"parent":2144,"menu_order":0,"comment_status":"closed","ping_status":"closed","template":"","meta":{"_acf_changed":false,"_joinchat":[],"footnotes":""},"class_list":["post-2295","page","type-page","status-publish","has-post-thumbnail","hentry"],"acf":[],"yoast_head":"<!-- This site is optimized with the Yoast SEO Premium plugin v23.4 (Yoast SEO v27.1.1) - https:\/\/yoast.com\/product\/yoast-seo-premium-wordpress\/ -->\n<title>Torre de resfriamento compacta - Bem-vindo \u00e0 ALFATERM<\/title>\n<meta name=\"robots\" content=\"index, follow, max-snippet:-1, max-image-preview:large, max-video-preview:-1\" \/>\n<link rel=\"canonical\" href=\"https:\/\/www.alfaterm.com.br\/en\/informacoes\/torre-resfriamento-compacta\/\" \/>\n<meta property=\"og:locale\" content=\"en_US\" \/>\n<meta property=\"og:type\" content=\"article\" \/>\n<meta property=\"og:title\" content=\"Torre de resfriamento compacta\" \/>\n<meta property=\"og:description\" content=\"A&nbsp;torre de resfriamento compacta&nbsp;consiste em um dispositivo de remo\u00e7\u00e3o de calor utilizado para transferir o calor de um processo espec\u00edfico para a atmosfera. Podendo utilizar meios como a evapora\u00e7\u00e3o de \u00e1gua ou o ar para resfriar o fluido de trabalho, a&nbsp;torre de resfriamento compacta&nbsp;\u00e9 ideal para o atendimento de pequenas capacidades, como por exemplo, vaz\u00f5es [&hellip;]\" \/>\n<meta property=\"og:url\" content=\"https:\/\/www.alfaterm.com.br\/en\/informacoes\/torre-resfriamento-compacta\/\" \/>\n<meta property=\"og:site_name\" content=\"Bem-vindo \u00e0 ALFATERM\" \/>\n<meta property=\"article:modified_time\" content=\"2024-09-09T08:17:03+00:00\" \/>\n<meta property=\"og:image\" content=\"https:\/\/www.alfaterm.com.br\/wp-content\/uploads\/2024\/09\/comercio-torre-resfriamento.webp\" \/>\n\t<meta property=\"og:image:width\" content=\"446\" \/>\n\t<meta property=\"og:image:height\" content=\"793\" \/>\n\t<meta property=\"og:image:type\" content=\"image\/webp\" \/>\n<meta name=\"twitter:card\" content=\"summary_large_image\" \/>\n<meta name=\"twitter:label1\" content=\"Est. reading time\" \/>\n\t<meta name=\"twitter:data1\" content=\"2 minutes\" \/>\n<script type=\"application\/ld+json\" class=\"yoast-schema-graph\">{\"@context\":\"https:\/\/schema.org\",\"@graph\":[{\"@type\":\"WebPage\",\"@id\":\"https:\/\/www.alfaterm.com.br\/informacoes\/torre-resfriamento-compacta\/\",\"url\":\"https:\/\/www.alfaterm.com.br\/informacoes\/torre-resfriamento-compacta\/\",\"name\":\"Torre de resfriamento compacta - Bem-vindo \u00e0 ALFATERM\",\"isPartOf\":{\"@id\":\"https:\/\/www.alfaterm.com.br\/#website\"},\"primaryImageOfPage\":{\"@id\":\"https:\/\/www.alfaterm.com.br\/informacoes\/torre-resfriamento-compacta\/#primaryimage\"},\"image\":{\"@id\":\"https:\/\/www.alfaterm.com.br\/informacoes\/torre-resfriamento-compacta\/#primaryimage\"},\"thumbnailUrl\":\"https:\/\/www.alfaterm.com.br\/wp-content\/uploads\/2024\/09\/comercio-torre-resfriamento.webp\",\"datePublished\":\"2024-09-02T11:47:47+00:00\",\"dateModified\":\"2024-09-09T08:17:03+00:00\",\"breadcrumb\":{\"@id\":\"https:\/\/www.alfaterm.com.br\/informacoes\/torre-resfriamento-compacta\/#breadcrumb\"},\"inLanguage\":\"en-US\",\"potentialAction\":[{\"@type\":\"ReadAction\",\"target\":[\"https:\/\/www.alfaterm.com.br\/informacoes\/torre-resfriamento-compacta\/\"]}]},{\"@type\":\"ImageObject\",\"inLanguage\":\"en-US\",\"@id\":\"https:\/\/www.alfaterm.com.br\/informacoes\/torre-resfriamento-compacta\/#primaryimage\",\"url\":\"https:\/\/www.alfaterm.com.br\/wp-content\/uploads\/2024\/09\/comercio-torre-resfriamento.webp\",\"contentUrl\":\"https:\/\/www.alfaterm.com.br\/wp-content\/uploads\/2024\/09\/comercio-torre-resfriamento.webp\",\"width\":446,\"height\":793},{\"@type\":\"BreadcrumbList\",\"@id\":\"https:\/\/www.alfaterm.com.br\/informacoes\/torre-resfriamento-compacta\/#breadcrumb\",\"itemListElement\":[{\"@type\":\"ListItem\",\"position\":1,\"name\":\"Home\",\"item\":\"https:\/\/www.alfaterm.com.br\/\"},{\"@type\":\"ListItem\",\"position\":2,\"name\":\"Informa\u00e7\u00f5es\",\"item\":\"https:\/\/www.alfaterm.com.br\/informacoes\/\"},{\"@type\":\"ListItem\",\"position\":3,\"name\":\"Torre de resfriamento compacta\"}]},{\"@type\":\"WebSite\",\"@id\":\"https:\/\/www.alfaterm.com.br\/#website\",\"url\":\"https:\/\/www.alfaterm.com.br\/\",\"name\":\"Bem-vindo \u00e0 ALFATERM\",\"description\":\"\",\"publisher\":{\"@id\":\"https:\/\/www.alfaterm.com.br\/#organization\"},\"potentialAction\":[{\"@type\":\"SearchAction\",\"target\":{\"@type\":\"EntryPoint\",\"urlTemplate\":\"https:\/\/www.alfaterm.com.br\/?s={search_term_string}\"},\"query-input\":{\"@type\":\"PropertyValueSpecification\",\"valueRequired\":true,\"valueName\":\"search_term_string\"}}],\"inLanguage\":\"en-US\"},{\"@type\":\"Organization\",\"@id\":\"https:\/\/www.alfaterm.com.br\/#organization\",\"name\":\"Bem-vindo \u00e0 ALFATERM\",\"url\":\"https:\/\/www.alfaterm.com.br\/\",\"logo\":{\"@type\":\"ImageObject\",\"inLanguage\":\"en-US\",\"@id\":\"https:\/\/www.alfaterm.com.br\/#\/schema\/logo\/image\/\",\"url\":\"https:\/\/www.alfaterm.com.br\/wp-content\/uploads\/2024\/07\/logo-alfaterm.png\",\"contentUrl\":\"https:\/\/www.alfaterm.com.br\/wp-content\/uploads\/2024\/07\/logo-alfaterm.png\",\"width\":393,\"height\":45,\"caption\":\"Bem-vindo \u00e0 ALFATERM\"},\"image\":{\"@id\":\"https:\/\/www.alfaterm.com.br\/#\/schema\/logo\/image\/\"}}]}<\/script>\n<!-- \/ Yoast SEO Premium plugin. -->","yoast_head_json":{"title":"Torre de resfriamento compacta - Bem-vindo \u00e0 ALFATERM","robots":{"index":"index","follow":"follow","max-snippet":"max-snippet:-1","max-image-preview":"max-image-preview:large","max-video-preview":"max-video-preview:-1"},"canonical":"https:\/\/www.alfaterm.com.br\/en\/informacoes\/torre-resfriamento-compacta\/","og_locale":"en_US","og_type":"article","og_title":"Torre de resfriamento compacta","og_description":"A&nbsp;torre de resfriamento compacta&nbsp;consiste em um dispositivo de remo\u00e7\u00e3o de calor utilizado para transferir o calor de um processo espec\u00edfico para a atmosfera. Podendo utilizar meios como a evapora\u00e7\u00e3o de \u00e1gua ou o ar para resfriar o fluido de trabalho, a&nbsp;torre de resfriamento compacta&nbsp;\u00e9 ideal para o atendimento de pequenas capacidades, como por exemplo, vaz\u00f5es [&hellip;]","og_url":"https:\/\/www.alfaterm.com.br\/en\/informacoes\/torre-resfriamento-compacta\/","og_site_name":"Bem-vindo \u00e0 ALFATERM","article_modified_time":"2024-09-09T08:17:03+00:00","og_image":[{"width":446,"height":793,"url":"https:\/\/www.alfaterm.com.br\/wp-content\/uploads\/2024\/09\/comercio-torre-resfriamento.webp","type":"image\/webp"}],"twitter_card":"summary_large_image","twitter_misc":{"Est. reading time":"2 minutes"},"schema":{"@context":"https:\/\/schema.org","@graph":[{"@type":"WebPage","@id":"https:\/\/www.alfaterm.com.br\/informacoes\/torre-resfriamento-compacta\/","url":"https:\/\/www.alfaterm.com.br\/informacoes\/torre-resfriamento-compacta\/","name":"Torre de resfriamento compacta - Bem-vindo \u00e0 ALFATERM","isPartOf":{"@id":"https:\/\/www.alfaterm.com.br\/#website"},"primaryImageOfPage":{"@id":"https:\/\/www.alfaterm.com.br\/informacoes\/torre-resfriamento-compacta\/#primaryimage"},"image":{"@id":"https:\/\/www.alfaterm.com.br\/informacoes\/torre-resfriamento-compacta\/#primaryimage"},"thumbnailUrl":"https:\/\/www.alfaterm.com.br\/wp-content\/uploads\/2024\/09\/comercio-torre-resfriamento.webp","datePublished":"2024-09-02T11:47:47+00:00","dateModified":"2024-09-09T08:17:03+00:00","breadcrumb":{"@id":"https:\/\/www.alfaterm.com.br\/informacoes\/torre-resfriamento-compacta\/#breadcrumb"},"inLanguage":"en-US","potentialAction":[{"@type":"ReadAction","target":["https:\/\/www.alfaterm.com.br\/informacoes\/torre-resfriamento-compacta\/"]}]},{"@type":"ImageObject","inLanguage":"en-US","@id":"https:\/\/www.alfaterm.com.br\/informacoes\/torre-resfriamento-compacta\/#primaryimage","url":"https:\/\/www.alfaterm.com.br\/wp-content\/uploads\/2024\/09\/comercio-torre-resfriamento.webp","contentUrl":"https:\/\/www.alfaterm.com.br\/wp-content\/uploads\/2024\/09\/comercio-torre-resfriamento.webp","width":446,"height":793},{"@type":"BreadcrumbList","@id":"https:\/\/www.alfaterm.com.br\/informacoes\/torre-resfriamento-compacta\/#breadcrumb","itemListElement":[{"@type":"ListItem","position":1,"name":"Home","item":"https:\/\/www.alfaterm.com.br\/"},{"@type":"ListItem","position":2,"name":"Informa\u00e7\u00f5es","item":"https:\/\/www.alfaterm.com.br\/informacoes\/"},{"@type":"ListItem","position":3,"name":"Torre de resfriamento compacta"}]},{"@type":"WebSite","@id":"https:\/\/www.alfaterm.com.br\/#website","url":"https:\/\/www.alfaterm.com.br\/","name":"Bem-vindo \u00e0 ALFATERM","description":"","publisher":{"@id":"https:\/\/www.alfaterm.com.br\/#organization"},"potentialAction":[{"@type":"SearchAction","target":{"@type":"EntryPoint","urlTemplate":"https:\/\/www.alfaterm.com.br\/?s={search_term_string}"},"query-input":{"@type":"PropertyValueSpecification","valueRequired":true,"valueName":"search_term_string"}}],"inLanguage":"en-US"},{"@type":"Organization","@id":"https:\/\/www.alfaterm.com.br\/#organization","name":"Bem-vindo \u00e0 ALFATERM","url":"https:\/\/www.alfaterm.com.br\/","logo":{"@type":"ImageObject","inLanguage":"en-US","@id":"https:\/\/www.alfaterm.com.br\/#\/schema\/logo\/image\/","url":"https:\/\/www.alfaterm.com.br\/wp-content\/uploads\/2024\/07\/logo-alfaterm.png","contentUrl":"https:\/\/www.alfaterm.com.br\/wp-content\/uploads\/2024\/07\/logo-alfaterm.png","width":393,"height":45,"caption":"Bem-vindo \u00e0 ALFATERM"},"image":{"@id":"https:\/\/www.alfaterm.com.br\/#\/schema\/logo\/image\/"}}]}},"_links":{"self":[{"href":"https:\/\/www.alfaterm.com.br\/en\/wp-json\/wp\/v2\/pages\/2295","targetHints":{"allow":["GET"]}}],"collection":[{"href":"https:\/\/www.alfaterm.com.br\/en\/wp-json\/wp\/v2\/pages"}],"about":[{"href":"https:\/\/www.alfaterm.com.br\/en\/wp-json\/wp\/v2\/types\/page"}],"author":[{"embeddable":true,"href":"https:\/\/www.alfaterm.com.br\/en\/wp-json\/wp\/v2\/users\/1"}],"replies":[{"embeddable":true,"href":"https:\/\/www.alfaterm.com.br\/en\/wp-json\/wp\/v2\/comments?post=2295"}],"version-history":[{"count":0,"href":"https:\/\/www.alfaterm.com.br\/en\/wp-json\/wp\/v2\/pages\/2295\/revisions"}],"up":[{"embeddable":true,"href":"https:\/\/www.alfaterm.com.br\/en\/wp-json\/wp\/v2\/pages\/2144"}],"wp:featuredmedia":[{"embeddable":true,"href":"https:\/\/www.alfaterm.com.br\/en\/wp-json\/wp\/v2\/media\/2227"}],"wp:attachment":[{"href":"https:\/\/www.alfaterm.com.br\/en\/wp-json\/wp\/v2\/media?parent=2295"}],"curies":[{"name":"wp","href":"https:\/\/api.w.org\/{rel}","templated":true}]}}