{"id":2267,"date":"2024-09-02T08:23:42","date_gmt":"2024-09-02T11:23:42","guid":{"rendered":"https:\/\/www.alfaterm.com.br\/?page_id=2267"},"modified":"2024-09-09T05:13:11","modified_gmt":"2024-09-09T08:13:11","slug":"torre-refrigeracao-agua","status":"publish","type":"page","link":"https:\/\/www.alfaterm.com.br\/en\/informacoes\/torre-refrigeracao-agua\/","title":{"rendered":"Torre de refrigera\u00e7\u00e3o de \u00e1gua"},"content":{"rendered":"<p>A&nbsp;torre de refrigera\u00e7\u00e3o de \u00e1gua&nbsp;\u00e9 utilizada para baixar a temperatura da \u00e1gua, a qual por sua vez, no processo industrial \u00e9 utilizada para o resfriamento de maquin\u00e1rio e equipamentos em geral que produzem calor durante sua opera\u00e7\u00e3o.<\/p>\n\n\n\n<h2 class=\"wp-block-heading\">OPERA\u00c7\u00c3O DE UMA TORRE DE REFRIGERA\u00c7\u00c3O DE \u00c1GUA<\/h2>\n\n\n\n<p>Basicamente, o conceito operacional de uma&nbsp;torre de refrigera\u00e7\u00e3o de \u00e1gua&nbsp;consiste na entrada da \u00e1gua pela parte superior em um \u201cbocal de entrada\u201d, sendo na sequ\u00eancia do processo distribu\u00edda para enchimento por meio de bicos ou \u201cbocais de distribui\u00e7\u00e3o\u201d, que ocorre de forma simult\u00e2nea quando o ventilador da&nbsp;torre de refrigera\u00e7\u00e3o de \u00e1gua, que fica instalado na parte superior ou at\u00e9 na lateral da torre, faz a \u201caspira\u00e7\u00e3o\u201d do ar levando-o para o interior onde faz o contato com a \u00e1gua, produzindo assim a transfer\u00eancia de calor. O ar quente sai pela parte superior da&nbsp;torre de refrigera\u00e7\u00e3o de \u00e1gua&nbsp;e a \u00e1gua, j\u00e1 fria, pelo bocal de sa\u00edda instalado na bacia.<\/p>\n\n\n\n<p>As empresas especializadas na produ\u00e7\u00e3o de&nbsp;torre de refrigera\u00e7\u00e3o de \u00e1gua&nbsp;devem, necessariamente utilizarem-se de princ\u00edpios b\u00e1sicos de engenharia, contando tamb\u00e9m com os melhores materiais dispon\u00edveis no mercado para tal e as melhores t\u00e9cnicas a serem empregadas na produ\u00e7\u00e3o.<\/p>\n\n\n\n<p>Somente uma empresa que possua experi\u00eancia comprovada em fabrica\u00e7\u00e3o e assist\u00eancia para&nbsp;torre de refrigera\u00e7\u00e3o de \u00e1gua, que tenha profissionais de forma\u00e7\u00e3o adequada, com t\u00e9cnicas inovadoras e eficazes poder\u00e1 resultar em produtos e servi\u00e7os, de fato corretos para entregar ao seu cliente final. \u00c9 sempre importante a valoriza\u00e7\u00e3o de empresas com certifica\u00e7\u00f5es correspondentes ao segmento de industrializa\u00e7\u00e3o, comercializa\u00e7\u00e3o e presta\u00e7\u00e3o de servi\u00e7os em&nbsp;torre de refrigera\u00e7\u00e3o de \u00e1gua.<\/p>\n\n\n\n<h2 class=\"wp-block-heading\">ALFATERM IND\u00daSTRIA E COM\u00c9RCIO LTDA \u2013 AS MELHORES SOLU\u00c7\u00d5ES<\/h2>\n\n\n\n<p>Com atua\u00e7\u00e3o reconhecida no mercado desde junho de 1986, a ALFATERM Ind\u00fastria e Com\u00e9rcio LTDA formou uma vasta base de clientes do mercado nacional e internacional. Com sua sede de 10.000 m\u00b2 situada no Estado de S\u00e3o Paulo, na Cidade de Santana de Parna\u00edba, a empresa destaca-se no cen\u00e1rio, sendo inclusive a primeira de seu segmento a receber o Certificado do Sistema Integrado de Gest\u00e3o, atestando mais qualidade em seus servi\u00e7os e processos.<\/p>\n\n\n\n<p>O quadro de colaboradores da ALFATERM Ind\u00fastria e Com\u00e9rcio LTDA possui profissionais gabaritados e tecnicamente capazes de desenvolverem projetos eficazes na \u00e1rea em que atuam. Tais fatores fazem da ALFATERM Ind\u00fastria e Com\u00e9rcio LTDA uma empresa de grande reconhecimento no meio em que atua.<\/p>\n\n\n\n<h2 class=\"wp-block-heading\">Para saber mais sobre Assist\u00eancia t\u00e9cnica em torres de resfriar<\/h2>\n\n\n\n<p>Ligue para&nbsp;<strong>11 4156-8930<\/strong>&nbsp;ou&nbsp;<a href=\"https:\/\/www.alfaterm.com.br\/en\/contact\/\">clique aqui<\/a>&nbsp;e entre em contato por email.<\/p>","protected":false},"excerpt":{"rendered":"<p>A&nbsp;torre de refrigera\u00e7\u00e3o de \u00e1gua&nbsp;\u00e9 utilizada para baixar a temperatura da \u00e1gua, a qual por sua vez, no processo industrial \u00e9 utilizada para o resfriamento de maquin\u00e1rio e equipamentos em geral que produzem calor durante sua opera\u00e7\u00e3o. OPERA\u00c7\u00c3O DE UMA TORRE DE REFRIGERA\u00c7\u00c3O DE \u00c1GUA Basicamente, o conceito operacional de uma&nbsp;torre de refrigera\u00e7\u00e3o de \u00e1gua&nbsp;consiste [&hellip;]<\/p>","protected":false},"author":1,"featured_media":2226,"parent":2144,"menu_order":0,"comment_status":"closed","ping_status":"closed","template":"","meta":{"_acf_changed":false,"_joinchat":[],"footnotes":""},"class_list":["post-2267","page","type-page","status-publish","has-post-thumbnail","hentry"],"acf":[],"yoast_head":"<!-- This site is optimized with the Yoast SEO Premium plugin v23.4 (Yoast SEO v27.1.1) - https:\/\/yoast.com\/product\/yoast-seo-premium-wordpress\/ -->\n<title>Torre de refrigera\u00e7\u00e3o de \u00e1gua - Bem-vindo \u00e0 ALFATERM<\/title>\n<meta name=\"robots\" content=\"index, follow, max-snippet:-1, max-image-preview:large, max-video-preview:-1\" \/>\n<link rel=\"canonical\" href=\"https:\/\/www.alfaterm.com.br\/en\/informacoes\/torre-refrigeracao-agua\/\" \/>\n<meta property=\"og:locale\" content=\"en_US\" \/>\n<meta property=\"og:type\" content=\"article\" \/>\n<meta property=\"og:title\" content=\"Torre de refrigera\u00e7\u00e3o de \u00e1gua\" \/>\n<meta property=\"og:description\" content=\"A&nbsp;torre de refrigera\u00e7\u00e3o de \u00e1gua&nbsp;\u00e9 utilizada para baixar a temperatura da \u00e1gua, a qual por sua vez, no processo industrial \u00e9 utilizada para o resfriamento de maquin\u00e1rio e equipamentos em geral que produzem calor durante sua opera\u00e7\u00e3o. OPERA\u00c7\u00c3O DE UMA TORRE DE REFRIGERA\u00c7\u00c3O DE \u00c1GUA Basicamente, o conceito operacional de uma&nbsp;torre de refrigera\u00e7\u00e3o de \u00e1gua&nbsp;consiste [&hellip;]\" \/>\n<meta property=\"og:url\" content=\"https:\/\/www.alfaterm.com.br\/en\/informacoes\/torre-refrigeracao-agua\/\" \/>\n<meta property=\"og:site_name\" content=\"Bem-vindo \u00e0 ALFATERM\" \/>\n<meta property=\"article:modified_time\" content=\"2024-09-09T08:13:11+00:00\" \/>\n<meta property=\"og:image\" content=\"https:\/\/www.alfaterm.com.br\/wp-content\/uploads\/2024\/09\/equipamento-torre-resfriamento.webp\" \/>\n\t<meta property=\"og:image:width\" content=\"269\" \/>\n\t<meta property=\"og:image:height\" content=\"232\" \/>\n\t<meta property=\"og:image:type\" content=\"image\/webp\" \/>\n<meta name=\"twitter:card\" content=\"summary_large_image\" \/>\n<meta name=\"twitter:label1\" content=\"Est. reading time\" \/>\n\t<meta name=\"twitter:data1\" content=\"2 minutes\" \/>\n<script type=\"application\/ld+json\" class=\"yoast-schema-graph\">{\"@context\":\"https:\/\/schema.org\",\"@graph\":[{\"@type\":\"WebPage\",\"@id\":\"https:\/\/www.alfaterm.com.br\/informacoes\/torre-refrigeracao-agua\/\",\"url\":\"https:\/\/www.alfaterm.com.br\/informacoes\/torre-refrigeracao-agua\/\",\"name\":\"Torre de refrigera\u00e7\u00e3o de \u00e1gua - Bem-vindo \u00e0 ALFATERM\",\"isPartOf\":{\"@id\":\"https:\/\/www.alfaterm.com.br\/#website\"},\"primaryImageOfPage\":{\"@id\":\"https:\/\/www.alfaterm.com.br\/informacoes\/torre-refrigeracao-agua\/#primaryimage\"},\"image\":{\"@id\":\"https:\/\/www.alfaterm.com.br\/informacoes\/torre-refrigeracao-agua\/#primaryimage\"},\"thumbnailUrl\":\"https:\/\/www.alfaterm.com.br\/wp-content\/uploads\/2024\/09\/equipamento-torre-resfriamento.webp\",\"datePublished\":\"2024-09-02T11:23:42+00:00\",\"dateModified\":\"2024-09-09T08:13:11+00:00\",\"breadcrumb\":{\"@id\":\"https:\/\/www.alfaterm.com.br\/informacoes\/torre-refrigeracao-agua\/#breadcrumb\"},\"inLanguage\":\"en-US\",\"potentialAction\":[{\"@type\":\"ReadAction\",\"target\":[\"https:\/\/www.alfaterm.com.br\/informacoes\/torre-refrigeracao-agua\/\"]}]},{\"@type\":\"ImageObject\",\"inLanguage\":\"en-US\",\"@id\":\"https:\/\/www.alfaterm.com.br\/informacoes\/torre-refrigeracao-agua\/#primaryimage\",\"url\":\"https:\/\/www.alfaterm.com.br\/wp-content\/uploads\/2024\/09\/equipamento-torre-resfriamento.webp\",\"contentUrl\":\"https:\/\/www.alfaterm.com.br\/wp-content\/uploads\/2024\/09\/equipamento-torre-resfriamento.webp\",\"width\":269,\"height\":232},{\"@type\":\"BreadcrumbList\",\"@id\":\"https:\/\/www.alfaterm.com.br\/informacoes\/torre-refrigeracao-agua\/#breadcrumb\",\"itemListElement\":[{\"@type\":\"ListItem\",\"position\":1,\"name\":\"Home\",\"item\":\"https:\/\/www.alfaterm.com.br\/\"},{\"@type\":\"ListItem\",\"position\":2,\"name\":\"Informa\u00e7\u00f5es\",\"item\":\"https:\/\/www.alfaterm.com.br\/informacoes\/\"},{\"@type\":\"ListItem\",\"position\":3,\"name\":\"Torre de refrigera\u00e7\u00e3o de \u00e1gua\"}]},{\"@type\":\"WebSite\",\"@id\":\"https:\/\/www.alfaterm.com.br\/#website\",\"url\":\"https:\/\/www.alfaterm.com.br\/\",\"name\":\"Bem-vindo \u00e0 ALFATERM\",\"description\":\"\",\"publisher\":{\"@id\":\"https:\/\/www.alfaterm.com.br\/#organization\"},\"potentialAction\":[{\"@type\":\"SearchAction\",\"target\":{\"@type\":\"EntryPoint\",\"urlTemplate\":\"https:\/\/www.alfaterm.com.br\/?s={search_term_string}\"},\"query-input\":{\"@type\":\"PropertyValueSpecification\",\"valueRequired\":true,\"valueName\":\"search_term_string\"}}],\"inLanguage\":\"en-US\"},{\"@type\":\"Organization\",\"@id\":\"https:\/\/www.alfaterm.com.br\/#organization\",\"name\":\"Bem-vindo \u00e0 ALFATERM\",\"url\":\"https:\/\/www.alfaterm.com.br\/\",\"logo\":{\"@type\":\"ImageObject\",\"inLanguage\":\"en-US\",\"@id\":\"https:\/\/www.alfaterm.com.br\/#\/schema\/logo\/image\/\",\"url\":\"https:\/\/www.alfaterm.com.br\/wp-content\/uploads\/2024\/07\/logo-alfaterm.png\",\"contentUrl\":\"https:\/\/www.alfaterm.com.br\/wp-content\/uploads\/2024\/07\/logo-alfaterm.png\",\"width\":393,\"height\":45,\"caption\":\"Bem-vindo \u00e0 ALFATERM\"},\"image\":{\"@id\":\"https:\/\/www.alfaterm.com.br\/#\/schema\/logo\/image\/\"}}]}<\/script>\n<!-- \/ Yoast SEO Premium plugin. -->","yoast_head_json":{"title":"Torre de refrigera\u00e7\u00e3o de \u00e1gua - Bem-vindo \u00e0 ALFATERM","robots":{"index":"index","follow":"follow","max-snippet":"max-snippet:-1","max-image-preview":"max-image-preview:large","max-video-preview":"max-video-preview:-1"},"canonical":"https:\/\/www.alfaterm.com.br\/en\/informacoes\/torre-refrigeracao-agua\/","og_locale":"en_US","og_type":"article","og_title":"Torre de refrigera\u00e7\u00e3o de \u00e1gua","og_description":"A&nbsp;torre de refrigera\u00e7\u00e3o de \u00e1gua&nbsp;\u00e9 utilizada para baixar a temperatura da \u00e1gua, a qual por sua vez, no processo industrial \u00e9 utilizada para o resfriamento de maquin\u00e1rio e equipamentos em geral que produzem calor durante sua opera\u00e7\u00e3o. OPERA\u00c7\u00c3O DE UMA TORRE DE REFRIGERA\u00c7\u00c3O DE \u00c1GUA Basicamente, o conceito operacional de uma&nbsp;torre de refrigera\u00e7\u00e3o de \u00e1gua&nbsp;consiste [&hellip;]","og_url":"https:\/\/www.alfaterm.com.br\/en\/informacoes\/torre-refrigeracao-agua\/","og_site_name":"Bem-vindo \u00e0 ALFATERM","article_modified_time":"2024-09-09T08:13:11+00:00","og_image":[{"width":269,"height":232,"url":"https:\/\/www.alfaterm.com.br\/wp-content\/uploads\/2024\/09\/equipamento-torre-resfriamento.webp","type":"image\/webp"}],"twitter_card":"summary_large_image","twitter_misc":{"Est. reading time":"2 minutes"},"schema":{"@context":"https:\/\/schema.org","@graph":[{"@type":"WebPage","@id":"https:\/\/www.alfaterm.com.br\/informacoes\/torre-refrigeracao-agua\/","url":"https:\/\/www.alfaterm.com.br\/informacoes\/torre-refrigeracao-agua\/","name":"Torre de refrigera\u00e7\u00e3o de \u00e1gua - Bem-vindo \u00e0 ALFATERM","isPartOf":{"@id":"https:\/\/www.alfaterm.com.br\/#website"},"primaryImageOfPage":{"@id":"https:\/\/www.alfaterm.com.br\/informacoes\/torre-refrigeracao-agua\/#primaryimage"},"image":{"@id":"https:\/\/www.alfaterm.com.br\/informacoes\/torre-refrigeracao-agua\/#primaryimage"},"thumbnailUrl":"https:\/\/www.alfaterm.com.br\/wp-content\/uploads\/2024\/09\/equipamento-torre-resfriamento.webp","datePublished":"2024-09-02T11:23:42+00:00","dateModified":"2024-09-09T08:13:11+00:00","breadcrumb":{"@id":"https:\/\/www.alfaterm.com.br\/informacoes\/torre-refrigeracao-agua\/#breadcrumb"},"inLanguage":"en-US","potentialAction":[{"@type":"ReadAction","target":["https:\/\/www.alfaterm.com.br\/informacoes\/torre-refrigeracao-agua\/"]}]},{"@type":"ImageObject","inLanguage":"en-US","@id":"https:\/\/www.alfaterm.com.br\/informacoes\/torre-refrigeracao-agua\/#primaryimage","url":"https:\/\/www.alfaterm.com.br\/wp-content\/uploads\/2024\/09\/equipamento-torre-resfriamento.webp","contentUrl":"https:\/\/www.alfaterm.com.br\/wp-content\/uploads\/2024\/09\/equipamento-torre-resfriamento.webp","width":269,"height":232},{"@type":"BreadcrumbList","@id":"https:\/\/www.alfaterm.com.br\/informacoes\/torre-refrigeracao-agua\/#breadcrumb","itemListElement":[{"@type":"ListItem","position":1,"name":"Home","item":"https:\/\/www.alfaterm.com.br\/"},{"@type":"ListItem","position":2,"name":"Informa\u00e7\u00f5es","item":"https:\/\/www.alfaterm.com.br\/informacoes\/"},{"@type":"ListItem","position":3,"name":"Torre de refrigera\u00e7\u00e3o de \u00e1gua"}]},{"@type":"WebSite","@id":"https:\/\/www.alfaterm.com.br\/#website","url":"https:\/\/www.alfaterm.com.br\/","name":"Bem-vindo \u00e0 ALFATERM","description":"","publisher":{"@id":"https:\/\/www.alfaterm.com.br\/#organization"},"potentialAction":[{"@type":"SearchAction","target":{"@type":"EntryPoint","urlTemplate":"https:\/\/www.alfaterm.com.br\/?s={search_term_string}"},"query-input":{"@type":"PropertyValueSpecification","valueRequired":true,"valueName":"search_term_string"}}],"inLanguage":"en-US"},{"@type":"Organization","@id":"https:\/\/www.alfaterm.com.br\/#organization","name":"Bem-vindo \u00e0 ALFATERM","url":"https:\/\/www.alfaterm.com.br\/","logo":{"@type":"ImageObject","inLanguage":"en-US","@id":"https:\/\/www.alfaterm.com.br\/#\/schema\/logo\/image\/","url":"https:\/\/www.alfaterm.com.br\/wp-content\/uploads\/2024\/07\/logo-alfaterm.png","contentUrl":"https:\/\/www.alfaterm.com.br\/wp-content\/uploads\/2024\/07\/logo-alfaterm.png","width":393,"height":45,"caption":"Bem-vindo \u00e0 ALFATERM"},"image":{"@id":"https:\/\/www.alfaterm.com.br\/#\/schema\/logo\/image\/"}}]}},"_links":{"self":[{"href":"https:\/\/www.alfaterm.com.br\/en\/wp-json\/wp\/v2\/pages\/2267","targetHints":{"allow":["GET"]}}],"collection":[{"href":"https:\/\/www.alfaterm.com.br\/en\/wp-json\/wp\/v2\/pages"}],"about":[{"href":"https:\/\/www.alfaterm.com.br\/en\/wp-json\/wp\/v2\/types\/page"}],"author":[{"embeddable":true,"href":"https:\/\/www.alfaterm.com.br\/en\/wp-json\/wp\/v2\/users\/1"}],"replies":[{"embeddable":true,"href":"https:\/\/www.alfaterm.com.br\/en\/wp-json\/wp\/v2\/comments?post=2267"}],"version-history":[{"count":0,"href":"https:\/\/www.alfaterm.com.br\/en\/wp-json\/wp\/v2\/pages\/2267\/revisions"}],"up":[{"embeddable":true,"href":"https:\/\/www.alfaterm.com.br\/en\/wp-json\/wp\/v2\/pages\/2144"}],"wp:featuredmedia":[{"embeddable":true,"href":"https:\/\/www.alfaterm.com.br\/en\/wp-json\/wp\/v2\/media\/2226"}],"wp:attachment":[{"href":"https:\/\/www.alfaterm.com.br\/en\/wp-json\/wp\/v2\/media?parent=2267"}],"curies":[{"name":"wp","href":"https:\/\/api.w.org\/{rel}","templated":true}]}}