{"id":2266,"date":"2024-09-02T08:24:09","date_gmt":"2024-09-02T11:24:09","guid":{"rendered":"https:\/\/www.alfaterm.com.br\/?page_id=2266"},"modified":"2024-09-09T05:13:38","modified_gmt":"2024-09-09T08:13:38","slug":"torre-refrigeracao-preco","status":"publish","type":"page","link":"https:\/\/www.alfaterm.com.br\/en\/informacoes\/torre-refrigeracao-preco\/","title":{"rendered":"Torre de refrigera\u00e7\u00e3o pre\u00e7o"},"content":{"rendered":"<p>Adquirir uma&nbsp;torre de refrigera\u00e7\u00e3o pre\u00e7o&nbsp;justo \u00e9 a uma das \u00f3timas alternativas para a otimiza\u00e7\u00e3o dos processos industriais e a gera\u00e7\u00e3o de economia financeira com redu\u00e7\u00e3o dos gastos com energia, al\u00e9m da preserva\u00e7\u00e3o de um recurso natural extremamente importante, que \u00e9 a \u00e1gua.<\/p>\n\n\n\n<h2 class=\"wp-block-heading\">TORRE DE REFRIGERA\u00c7\u00c3O PRE\u00c7O ACESS\u00cdVEL E BENEF\u00cdCIOS GARANTIDOS<\/h2>\n\n\n\n<p>A op\u00e7\u00e3o pela contrata\u00e7\u00e3o de uma torre de resfriamento de \u00e1gua indica que a empresa deseja investir n\u00e3o somente na moderniza\u00e7\u00e3o de sua produ\u00e7\u00e3o, mas tamb\u00e9m na redu\u00e7\u00e3o do consumo de energia nos processos industriais e do desperd\u00edcio de \u00e1gua.<\/p>\n\n\n\n<p>De fato, a torre de resfriamento gera economia nestes dois sentidos, ainda mais considerando que \u00e9 um produto fabricado sob medida para atender \u00e0s demandas espec\u00edficas de cada cliente. Como \u00e9 um produto personalizado, o cliente recebe todas as orienta\u00e7\u00f5es prestadas pelos especialistas para o alcance dos melhores resultados.<\/p>\n\n\n\n<p>Com todos esses benef\u00edcios,&nbsp;torre de refrigera\u00e7\u00e3o pre\u00e7o&nbsp;\u00e9 bastante acess\u00edvel, pois al\u00e9m do retorno de investimento garantido, h\u00e1 toda essa caracteriza\u00e7\u00e3o da exclusividade que assegura a aplica\u00e7\u00e3o em um produto \u00fanico, com \u00f3timo desempenho em efici\u00eancia t\u00e9rmica.<\/p>\n\n\n\n<h2 class=\"wp-block-heading\">TORRE DE REFRIGERA\u00c7\u00c3O PRE\u00c7O SURPREENDENTE E M\u00c1XIMA QUALIDADE<\/h2>\n\n\n\n<p>torre de refrigera\u00e7\u00e3o pre\u00e7o&nbsp;tamb\u00e9m \u00e9 adequado com a qualidade de sua mat\u00e9ria-prima e da tecnologia utilizadas em sua fabrica\u00e7\u00e3o. Para produzir um produto sob medida, \u00e9 essencial que o fabricante possua um parque fabril totalmente adaptado para receber as mais variadas demandas e possa desenvolver com precis\u00e3o as torres de resfriamento.<\/p>\n\n\n\n<p>Tamb\u00e9m \u00e9 essencial que o fabricante conte com uma rede de parceiros de confian\u00e7a para que possa desenvolver torres de refrigera\u00e7\u00e3o perfeitamente dimensionadas para atender as expectativas de cada cliente.&nbsp;torre de refrigera\u00e7\u00e3o pre\u00e7o&nbsp;surpreendente diante de toda a inova\u00e7\u00e3o que o fabricante emprega em sua produ\u00e7\u00e3o.<\/p>\n\n\n\n<h2 class=\"wp-block-heading\">ADQUIRIR A MAIS EFICIENTE TORRE DE REFRIGERA\u00c7\u00c3O PRE\u00c7O JUSTO<\/h2>\n\n\n\n<p>Especializada na fabrica\u00e7\u00e3o de torres de refrigera\u00e7\u00e3o sob medida, a ALFATERM Ind\u00fastria e Com\u00e9rcio Ltda. \u00e9 refer\u00eancia em seu segmento. Possui clientes em toda a Am\u00e9rica Latina e tamb\u00e9m na Am\u00e9rica Central, gra\u00e7as \u00e0 qualidade de seus produtos e a agilidade e compet\u00eancia com a qual realiza os seus atendimentos.<\/p>\n\n\n\n<p>A ALFATERM Ind\u00fastria e Com\u00e9rcio Ltda. tamb\u00e9m possui uma equipe t\u00e9cnica comprometida com o sucesso dos clientes, por isso, \u00e9 capaz de oferecer as mais eficientes, modernas e seguras torres de refrigera\u00e7\u00e3o do mercado.<\/p>\n\n\n\n<h2 class=\"wp-block-heading\">Para saber mais sobre Assist\u00eancia t\u00e9cnica em torres de resfriar<\/h2>\n\n\n\n<p>Ligue para&nbsp;<strong>11 4156-8930<\/strong>&nbsp;ou&nbsp;<a href=\"https:\/\/www.alfaterm.com.br\/en\/contact\/\">clique aqui<\/a>&nbsp;e entre em contato por email.<\/p>","protected":false},"excerpt":{"rendered":"<p>Adquirir uma&nbsp;torre de refrigera\u00e7\u00e3o pre\u00e7o&nbsp;justo \u00e9 a uma das \u00f3timas alternativas para a otimiza\u00e7\u00e3o dos processos industriais e a gera\u00e7\u00e3o de economia financeira com redu\u00e7\u00e3o dos gastos com energia, al\u00e9m da preserva\u00e7\u00e3o de um recurso natural extremamente importante, que \u00e9 a \u00e1gua. TORRE DE REFRIGERA\u00c7\u00c3O PRE\u00c7O ACESS\u00cdVEL E BENEF\u00cdCIOS GARANTIDOS A op\u00e7\u00e3o pela contrata\u00e7\u00e3o de [&hellip;]<\/p>","protected":false},"author":1,"featured_media":2225,"parent":2144,"menu_order":0,"comment_status":"closed","ping_status":"closed","template":"","meta":{"_acf_changed":false,"_joinchat":[],"footnotes":""},"class_list":["post-2266","page","type-page","status-publish","has-post-thumbnail","hentry"],"acf":[],"yoast_head":"<!-- This site is optimized with the Yoast SEO Premium plugin v23.4 (Yoast SEO v27.1.1) - https:\/\/yoast.com\/product\/yoast-seo-premium-wordpress\/ -->\n<title>Torre de refrigera\u00e7\u00e3o pre\u00e7o - Bem-vindo \u00e0 ALFATERM<\/title>\n<meta name=\"robots\" content=\"index, follow, max-snippet:-1, max-image-preview:large, max-video-preview:-1\" \/>\n<link rel=\"canonical\" href=\"https:\/\/www.alfaterm.com.br\/en\/informacoes\/torre-refrigeracao-preco\/\" \/>\n<meta property=\"og:locale\" content=\"en_US\" \/>\n<meta property=\"og:type\" content=\"article\" \/>\n<meta property=\"og:title\" content=\"Torre de refrigera\u00e7\u00e3o pre\u00e7o\" \/>\n<meta property=\"og:description\" content=\"Adquirir uma&nbsp;torre de refrigera\u00e7\u00e3o pre\u00e7o&nbsp;justo \u00e9 a uma das \u00f3timas alternativas para a otimiza\u00e7\u00e3o dos processos industriais e a gera\u00e7\u00e3o de economia financeira com redu\u00e7\u00e3o dos gastos com energia, al\u00e9m da preserva\u00e7\u00e3o de um recurso natural extremamente importante, que \u00e9 a \u00e1gua. TORRE DE REFRIGERA\u00c7\u00c3O PRE\u00c7O ACESS\u00cdVEL E BENEF\u00cdCIOS GARANTIDOS A op\u00e7\u00e3o pela contrata\u00e7\u00e3o de [&hellip;]\" \/>\n<meta property=\"og:url\" content=\"https:\/\/www.alfaterm.com.br\/en\/informacoes\/torre-refrigeracao-preco\/\" \/>\n<meta property=\"og:site_name\" content=\"Bem-vindo \u00e0 ALFATERM\" \/>\n<meta property=\"article:modified_time\" content=\"2024-09-09T08:13:38+00:00\" \/>\n<meta property=\"og:image\" content=\"https:\/\/www.alfaterm.com.br\/wp-content\/uploads\/2024\/09\/fabrica-torre-resfriamento.webp\" \/>\n\t<meta property=\"og:image:width\" content=\"699\" \/>\n\t<meta property=\"og:image:height\" content=\"625\" \/>\n\t<meta property=\"og:image:type\" content=\"image\/webp\" \/>\n<meta name=\"twitter:card\" content=\"summary_large_image\" \/>\n<meta name=\"twitter:label1\" content=\"Est. reading time\" \/>\n\t<meta name=\"twitter:data1\" content=\"2 minutes\" \/>\n<script type=\"application\/ld+json\" class=\"yoast-schema-graph\">{\"@context\":\"https:\/\/schema.org\",\"@graph\":[{\"@type\":\"WebPage\",\"@id\":\"https:\/\/www.alfaterm.com.br\/informacoes\/torre-refrigeracao-preco\/\",\"url\":\"https:\/\/www.alfaterm.com.br\/informacoes\/torre-refrigeracao-preco\/\",\"name\":\"Torre de refrigera\u00e7\u00e3o pre\u00e7o - Bem-vindo \u00e0 ALFATERM\",\"isPartOf\":{\"@id\":\"https:\/\/www.alfaterm.com.br\/#website\"},\"primaryImageOfPage\":{\"@id\":\"https:\/\/www.alfaterm.com.br\/informacoes\/torre-refrigeracao-preco\/#primaryimage\"},\"image\":{\"@id\":\"https:\/\/www.alfaterm.com.br\/informacoes\/torre-refrigeracao-preco\/#primaryimage\"},\"thumbnailUrl\":\"https:\/\/www.alfaterm.com.br\/wp-content\/uploads\/2024\/09\/fabrica-torre-resfriamento.webp\",\"datePublished\":\"2024-09-02T11:24:09+00:00\",\"dateModified\":\"2024-09-09T08:13:38+00:00\",\"breadcrumb\":{\"@id\":\"https:\/\/www.alfaterm.com.br\/informacoes\/torre-refrigeracao-preco\/#breadcrumb\"},\"inLanguage\":\"en-US\",\"potentialAction\":[{\"@type\":\"ReadAction\",\"target\":[\"https:\/\/www.alfaterm.com.br\/informacoes\/torre-refrigeracao-preco\/\"]}]},{\"@type\":\"ImageObject\",\"inLanguage\":\"en-US\",\"@id\":\"https:\/\/www.alfaterm.com.br\/informacoes\/torre-refrigeracao-preco\/#primaryimage\",\"url\":\"https:\/\/www.alfaterm.com.br\/wp-content\/uploads\/2024\/09\/fabrica-torre-resfriamento.webp\",\"contentUrl\":\"https:\/\/www.alfaterm.com.br\/wp-content\/uploads\/2024\/09\/fabrica-torre-resfriamento.webp\",\"width\":699,\"height\":625},{\"@type\":\"BreadcrumbList\",\"@id\":\"https:\/\/www.alfaterm.com.br\/informacoes\/torre-refrigeracao-preco\/#breadcrumb\",\"itemListElement\":[{\"@type\":\"ListItem\",\"position\":1,\"name\":\"Home\",\"item\":\"https:\/\/www.alfaterm.com.br\/\"},{\"@type\":\"ListItem\",\"position\":2,\"name\":\"Informa\u00e7\u00f5es\",\"item\":\"https:\/\/www.alfaterm.com.br\/informacoes\/\"},{\"@type\":\"ListItem\",\"position\":3,\"name\":\"Torre de refrigera\u00e7\u00e3o pre\u00e7o\"}]},{\"@type\":\"WebSite\",\"@id\":\"https:\/\/www.alfaterm.com.br\/#website\",\"url\":\"https:\/\/www.alfaterm.com.br\/\",\"name\":\"Bem-vindo \u00e0 ALFATERM\",\"description\":\"\",\"publisher\":{\"@id\":\"https:\/\/www.alfaterm.com.br\/#organization\"},\"potentialAction\":[{\"@type\":\"SearchAction\",\"target\":{\"@type\":\"EntryPoint\",\"urlTemplate\":\"https:\/\/www.alfaterm.com.br\/?s={search_term_string}\"},\"query-input\":{\"@type\":\"PropertyValueSpecification\",\"valueRequired\":true,\"valueName\":\"search_term_string\"}}],\"inLanguage\":\"en-US\"},{\"@type\":\"Organization\",\"@id\":\"https:\/\/www.alfaterm.com.br\/#organization\",\"name\":\"Bem-vindo \u00e0 ALFATERM\",\"url\":\"https:\/\/www.alfaterm.com.br\/\",\"logo\":{\"@type\":\"ImageObject\",\"inLanguage\":\"en-US\",\"@id\":\"https:\/\/www.alfaterm.com.br\/#\/schema\/logo\/image\/\",\"url\":\"https:\/\/www.alfaterm.com.br\/wp-content\/uploads\/2024\/07\/logo-alfaterm.png\",\"contentUrl\":\"https:\/\/www.alfaterm.com.br\/wp-content\/uploads\/2024\/07\/logo-alfaterm.png\",\"width\":393,\"height\":45,\"caption\":\"Bem-vindo \u00e0 ALFATERM\"},\"image\":{\"@id\":\"https:\/\/www.alfaterm.com.br\/#\/schema\/logo\/image\/\"}}]}<\/script>\n<!-- \/ Yoast SEO Premium plugin. -->","yoast_head_json":{"title":"Torre de refrigera\u00e7\u00e3o pre\u00e7o - Bem-vindo \u00e0 ALFATERM","robots":{"index":"index","follow":"follow","max-snippet":"max-snippet:-1","max-image-preview":"max-image-preview:large","max-video-preview":"max-video-preview:-1"},"canonical":"https:\/\/www.alfaterm.com.br\/en\/informacoes\/torre-refrigeracao-preco\/","og_locale":"en_US","og_type":"article","og_title":"Torre de refrigera\u00e7\u00e3o pre\u00e7o","og_description":"Adquirir uma&nbsp;torre de refrigera\u00e7\u00e3o pre\u00e7o&nbsp;justo \u00e9 a uma das \u00f3timas alternativas para a otimiza\u00e7\u00e3o dos processos industriais e a gera\u00e7\u00e3o de economia financeira com redu\u00e7\u00e3o dos gastos com energia, al\u00e9m da preserva\u00e7\u00e3o de um recurso natural extremamente importante, que \u00e9 a \u00e1gua. TORRE DE REFRIGERA\u00c7\u00c3O PRE\u00c7O ACESS\u00cdVEL E BENEF\u00cdCIOS GARANTIDOS A op\u00e7\u00e3o pela contrata\u00e7\u00e3o de [&hellip;]","og_url":"https:\/\/www.alfaterm.com.br\/en\/informacoes\/torre-refrigeracao-preco\/","og_site_name":"Bem-vindo \u00e0 ALFATERM","article_modified_time":"2024-09-09T08:13:38+00:00","og_image":[{"width":699,"height":625,"url":"https:\/\/www.alfaterm.com.br\/wp-content\/uploads\/2024\/09\/fabrica-torre-resfriamento.webp","type":"image\/webp"}],"twitter_card":"summary_large_image","twitter_misc":{"Est. reading time":"2 minutes"},"schema":{"@context":"https:\/\/schema.org","@graph":[{"@type":"WebPage","@id":"https:\/\/www.alfaterm.com.br\/informacoes\/torre-refrigeracao-preco\/","url":"https:\/\/www.alfaterm.com.br\/informacoes\/torre-refrigeracao-preco\/","name":"Torre de refrigera\u00e7\u00e3o pre\u00e7o - Bem-vindo \u00e0 ALFATERM","isPartOf":{"@id":"https:\/\/www.alfaterm.com.br\/#website"},"primaryImageOfPage":{"@id":"https:\/\/www.alfaterm.com.br\/informacoes\/torre-refrigeracao-preco\/#primaryimage"},"image":{"@id":"https:\/\/www.alfaterm.com.br\/informacoes\/torre-refrigeracao-preco\/#primaryimage"},"thumbnailUrl":"https:\/\/www.alfaterm.com.br\/wp-content\/uploads\/2024\/09\/fabrica-torre-resfriamento.webp","datePublished":"2024-09-02T11:24:09+00:00","dateModified":"2024-09-09T08:13:38+00:00","breadcrumb":{"@id":"https:\/\/www.alfaterm.com.br\/informacoes\/torre-refrigeracao-preco\/#breadcrumb"},"inLanguage":"en-US","potentialAction":[{"@type":"ReadAction","target":["https:\/\/www.alfaterm.com.br\/informacoes\/torre-refrigeracao-preco\/"]}]},{"@type":"ImageObject","inLanguage":"en-US","@id":"https:\/\/www.alfaterm.com.br\/informacoes\/torre-refrigeracao-preco\/#primaryimage","url":"https:\/\/www.alfaterm.com.br\/wp-content\/uploads\/2024\/09\/fabrica-torre-resfriamento.webp","contentUrl":"https:\/\/www.alfaterm.com.br\/wp-content\/uploads\/2024\/09\/fabrica-torre-resfriamento.webp","width":699,"height":625},{"@type":"BreadcrumbList","@id":"https:\/\/www.alfaterm.com.br\/informacoes\/torre-refrigeracao-preco\/#breadcrumb","itemListElement":[{"@type":"ListItem","position":1,"name":"Home","item":"https:\/\/www.alfaterm.com.br\/"},{"@type":"ListItem","position":2,"name":"Informa\u00e7\u00f5es","item":"https:\/\/www.alfaterm.com.br\/informacoes\/"},{"@type":"ListItem","position":3,"name":"Torre de refrigera\u00e7\u00e3o pre\u00e7o"}]},{"@type":"WebSite","@id":"https:\/\/www.alfaterm.com.br\/#website","url":"https:\/\/www.alfaterm.com.br\/","name":"Bem-vindo \u00e0 ALFATERM","description":"","publisher":{"@id":"https:\/\/www.alfaterm.com.br\/#organization"},"potentialAction":[{"@type":"SearchAction","target":{"@type":"EntryPoint","urlTemplate":"https:\/\/www.alfaterm.com.br\/?s={search_term_string}"},"query-input":{"@type":"PropertyValueSpecification","valueRequired":true,"valueName":"search_term_string"}}],"inLanguage":"en-US"},{"@type":"Organization","@id":"https:\/\/www.alfaterm.com.br\/#organization","name":"Bem-vindo \u00e0 ALFATERM","url":"https:\/\/www.alfaterm.com.br\/","logo":{"@type":"ImageObject","inLanguage":"en-US","@id":"https:\/\/www.alfaterm.com.br\/#\/schema\/logo\/image\/","url":"https:\/\/www.alfaterm.com.br\/wp-content\/uploads\/2024\/07\/logo-alfaterm.png","contentUrl":"https:\/\/www.alfaterm.com.br\/wp-content\/uploads\/2024\/07\/logo-alfaterm.png","width":393,"height":45,"caption":"Bem-vindo \u00e0 ALFATERM"},"image":{"@id":"https:\/\/www.alfaterm.com.br\/#\/schema\/logo\/image\/"}}]}},"_links":{"self":[{"href":"https:\/\/www.alfaterm.com.br\/en\/wp-json\/wp\/v2\/pages\/2266","targetHints":{"allow":["GET"]}}],"collection":[{"href":"https:\/\/www.alfaterm.com.br\/en\/wp-json\/wp\/v2\/pages"}],"about":[{"href":"https:\/\/www.alfaterm.com.br\/en\/wp-json\/wp\/v2\/types\/page"}],"author":[{"embeddable":true,"href":"https:\/\/www.alfaterm.com.br\/en\/wp-json\/wp\/v2\/users\/1"}],"replies":[{"embeddable":true,"href":"https:\/\/www.alfaterm.com.br\/en\/wp-json\/wp\/v2\/comments?post=2266"}],"version-history":[{"count":0,"href":"https:\/\/www.alfaterm.com.br\/en\/wp-json\/wp\/v2\/pages\/2266\/revisions"}],"up":[{"embeddable":true,"href":"https:\/\/www.alfaterm.com.br\/en\/wp-json\/wp\/v2\/pages\/2144"}],"wp:featuredmedia":[{"embeddable":true,"href":"https:\/\/www.alfaterm.com.br\/en\/wp-json\/wp\/v2\/media\/2225"}],"wp:attachment":[{"href":"https:\/\/www.alfaterm.com.br\/en\/wp-json\/wp\/v2\/media?parent=2266"}],"curies":[{"name":"wp","href":"https:\/\/api.w.org\/{rel}","templated":true}]}}