{"id":2263,"date":"2024-09-02T08:26:06","date_gmt":"2024-09-02T11:26:06","guid":{"rendered":"https:\/\/www.alfaterm.com.br\/?page_id=2263"},"modified":"2024-09-09T05:14:04","modified_gmt":"2024-09-09T08:14:04","slug":"torre-resfriamento-ar-condicionado","status":"publish","type":"page","link":"https:\/\/www.alfaterm.com.br\/en\/informacoes\/torre-resfriamento-ar-condicionado\/","title":{"rendered":"Torre de resfriamento ar condicionado"},"content":{"rendered":"<p>Partindo do ponto de vista ecol\u00f3gico e econ\u00f4mico, a \u00e1gua proveniente dos processos de resfriamento n\u00e3o pode ser usada apenas uma vez e ser descartada nos rios ou esgotos, por isso, para a recupera\u00e7\u00e3o de \u00e1gua a solu\u00e7\u00e3o ideal \u00e9 a&nbsp;torre de resfriamento ar condicionado.<\/p>\n\n\n\n<p>A&nbsp;torre de resfriamento ar condicionado&nbsp;\u00e9 composta por ventiladores ou h\u00e9lices, que s\u00e3o feitos em polipropileno ou em PRFV. Os eliminadores, tamb\u00e9m fabricados em polipropileno, fornecem \u00e0&nbsp;torre de resfriamento ar condicionado&nbsp;uma grande resist\u00eancia qu\u00edmica, mec\u00e2nica e t\u00e9rmica, al\u00e9m de limitar a perda de \u00e1gua.<\/p>\n\n\n\n<p>Bicos feitos em PRFV ou a\u00e7o consistem no sistema de distribui\u00e7\u00e3o de \u00e1gua da torre resfriamento ar condicionado. J\u00e1 os enchimentos devem ser escolhidos de acordo com as caracter\u00edsticas da \u00e1gua a ser administrada pela&nbsp;torre de resfriamento ar condicionado&nbsp;e das propriedades f\u00edsicas dos s\u00f3lidos que nela estar\u00e3o.<\/p>\n\n\n\n<h2 class=\"wp-block-heading\">FUNCIONAMENTO DA TORRE DE RESFRIAMENTO AR CONDICIONADO<\/h2>\n\n\n\n<p>A recupera\u00e7\u00e3o de \u00e1gua por parte da&nbsp;torre de resfriamento ar condicionado&nbsp;se d\u00e1 atrav\u00e9s de alguns processos para seu funcionamento. Primeiramente, a \u00e1gua retirada do maquin\u00e1rio passa pela&nbsp;torre de resfriamento ar condicionado&nbsp;e retorna ao circuito dos resfriadores, processo esse que proporciona um tratamento sustent\u00e1vel \u00e0 \u00e1gua.<\/p>\n\n\n\n<p>Essa \u00e1gua que sai dos resfriadores \u00e9 distribu\u00edda no topo da&nbsp;torre de resfriamento ar condicionado&nbsp;que tem em sua composi\u00e7\u00e3o um enchimento que ajuda a espalhar melhor essa \u00e1gua e tem fun\u00e7\u00e3o de insuflar o ar ambiente, em contracorrente ou corrente cruzada, dependendo do tipo de torre, com a \u00e1gua que desce do topo. Por meio desse contato entre liquido e g\u00e1s, uma parte da \u00e1gua \u00e9 evaporada e ocorre o seu resfriamento.<\/p>\n\n\n\n<h2 class=\"wp-block-heading\">INOVA\u00c7\u00c3O EM PRODUTOS E SERVI\u00c7OS<\/h2>\n\n\n\n<p>Estabelecida como exemplo em qualidade no mercado dos resfriadores, a ALFATERM Ind\u00fastria e Com\u00e9rcio LTDA busca sempre a inova\u00e7\u00e3o, com investimento em tecnologia de ponta e desenvolvimento de produtos.<\/p>\n\n\n\n<p>Para isso, a empresa deixa que os clientes escolham as condi\u00e7\u00f5es do projeto, mas n\u00e3o sem o auxilio dos t\u00e9cnicos altamente capacitados.<\/p>\n\n\n\n<p>Oferecendo qualidade desde 1986, a ALFATERM Ind\u00fastria e Com\u00e9rcio LTDA possui sede em Santana de Parna\u00edba, S\u00e3o Paulo e fabrica seus produtos para toda a Am\u00e9rica Latina.<\/p>\n\n\n\n<h2 class=\"wp-block-heading\">Para saber mais sobre Assist\u00eancia t\u00e9cnica em torres de resfriar<\/h2>\n\n\n\n<p>Ligue para&nbsp;<strong>11 4156-8930<\/strong>&nbsp;ou&nbsp;<a href=\"https:\/\/www.alfaterm.com.br\/en\/contact\/\">clique aqui<\/a>&nbsp;e entre em contato por email.<\/p>","protected":false},"excerpt":{"rendered":"<p>Partindo do ponto de vista ecol\u00f3gico e econ\u00f4mico, a \u00e1gua proveniente dos processos de resfriamento n\u00e3o pode ser usada apenas uma vez e ser descartada nos rios ou esgotos, por isso, para a recupera\u00e7\u00e3o de \u00e1gua a solu\u00e7\u00e3o ideal \u00e9 a&nbsp;torre de resfriamento ar condicionado. A&nbsp;torre de resfriamento ar condicionado&nbsp;\u00e9 composta por ventiladores ou h\u00e9lices, [&hellip;]<\/p>","protected":false},"author":1,"featured_media":2228,"parent":2144,"menu_order":0,"comment_status":"closed","ping_status":"closed","template":"","meta":{"_acf_changed":false,"_joinchat":[],"footnotes":""},"class_list":["post-2263","page","type-page","status-publish","has-post-thumbnail","hentry"],"acf":[],"yoast_head":"<!-- This site is optimized with the Yoast SEO Premium plugin v23.4 (Yoast SEO v27.1.1) - https:\/\/yoast.com\/product\/yoast-seo-premium-wordpress\/ -->\n<title>Torre de resfriamento ar condicionado - Bem-vindo \u00e0 ALFATERM<\/title>\n<meta name=\"robots\" content=\"index, follow, max-snippet:-1, max-image-preview:large, max-video-preview:-1\" \/>\n<link rel=\"canonical\" href=\"https:\/\/www.alfaterm.com.br\/en\/informacoes\/torre-resfriamento-ar-condicionado\/\" \/>\n<meta property=\"og:locale\" content=\"en_US\" \/>\n<meta property=\"og:type\" content=\"article\" \/>\n<meta property=\"og:title\" content=\"Torre de resfriamento ar condicionado\" \/>\n<meta property=\"og:description\" content=\"Partindo do ponto de vista ecol\u00f3gico e econ\u00f4mico, a \u00e1gua proveniente dos processos de resfriamento n\u00e3o pode ser usada apenas uma vez e ser descartada nos rios ou esgotos, por isso, para a recupera\u00e7\u00e3o de \u00e1gua a solu\u00e7\u00e3o ideal \u00e9 a&nbsp;torre de resfriamento ar condicionado. A&nbsp;torre de resfriamento ar condicionado&nbsp;\u00e9 composta por ventiladores ou h\u00e9lices, [&hellip;]\" \/>\n<meta property=\"og:url\" content=\"https:\/\/www.alfaterm.com.br\/en\/informacoes\/torre-resfriamento-ar-condicionado\/\" \/>\n<meta property=\"og:site_name\" content=\"Bem-vindo \u00e0 ALFATERM\" \/>\n<meta property=\"article:modified_time\" content=\"2024-09-09T08:14:04+00:00\" \/>\n<meta property=\"og:image\" content=\"https:\/\/www.alfaterm.com.br\/wp-content\/uploads\/2024\/09\/conserto-torre-resfriamento.webp\" \/>\n\t<meta property=\"og:image:width\" content=\"800\" \/>\n\t<meta property=\"og:image:height\" content=\"1200\" \/>\n\t<meta property=\"og:image:type\" content=\"image\/webp\" \/>\n<meta name=\"twitter:card\" content=\"summary_large_image\" \/>\n<meta name=\"twitter:label1\" content=\"Est. reading time\" \/>\n\t<meta name=\"twitter:data1\" content=\"2 minutes\" \/>\n<script type=\"application\/ld+json\" class=\"yoast-schema-graph\">{\"@context\":\"https:\/\/schema.org\",\"@graph\":[{\"@type\":\"WebPage\",\"@id\":\"https:\/\/www.alfaterm.com.br\/informacoes\/torre-resfriamento-ar-condicionado\/\",\"url\":\"https:\/\/www.alfaterm.com.br\/informacoes\/torre-resfriamento-ar-condicionado\/\",\"name\":\"Torre de resfriamento ar condicionado - Bem-vindo \u00e0 ALFATERM\",\"isPartOf\":{\"@id\":\"https:\/\/www.alfaterm.com.br\/#website\"},\"primaryImageOfPage\":{\"@id\":\"https:\/\/www.alfaterm.com.br\/informacoes\/torre-resfriamento-ar-condicionado\/#primaryimage\"},\"image\":{\"@id\":\"https:\/\/www.alfaterm.com.br\/informacoes\/torre-resfriamento-ar-condicionado\/#primaryimage\"},\"thumbnailUrl\":\"https:\/\/www.alfaterm.com.br\/wp-content\/uploads\/2024\/09\/conserto-torre-resfriamento.webp\",\"datePublished\":\"2024-09-02T11:26:06+00:00\",\"dateModified\":\"2024-09-09T08:14:04+00:00\",\"breadcrumb\":{\"@id\":\"https:\/\/www.alfaterm.com.br\/informacoes\/torre-resfriamento-ar-condicionado\/#breadcrumb\"},\"inLanguage\":\"en-US\",\"potentialAction\":[{\"@type\":\"ReadAction\",\"target\":[\"https:\/\/www.alfaterm.com.br\/informacoes\/torre-resfriamento-ar-condicionado\/\"]}]},{\"@type\":\"ImageObject\",\"inLanguage\":\"en-US\",\"@id\":\"https:\/\/www.alfaterm.com.br\/informacoes\/torre-resfriamento-ar-condicionado\/#primaryimage\",\"url\":\"https:\/\/www.alfaterm.com.br\/wp-content\/uploads\/2024\/09\/conserto-torre-resfriamento.webp\",\"contentUrl\":\"https:\/\/www.alfaterm.com.br\/wp-content\/uploads\/2024\/09\/conserto-torre-resfriamento.webp\",\"width\":800,\"height\":1200},{\"@type\":\"BreadcrumbList\",\"@id\":\"https:\/\/www.alfaterm.com.br\/informacoes\/torre-resfriamento-ar-condicionado\/#breadcrumb\",\"itemListElement\":[{\"@type\":\"ListItem\",\"position\":1,\"name\":\"Home\",\"item\":\"https:\/\/www.alfaterm.com.br\/\"},{\"@type\":\"ListItem\",\"position\":2,\"name\":\"Informa\u00e7\u00f5es\",\"item\":\"https:\/\/www.alfaterm.com.br\/informacoes\/\"},{\"@type\":\"ListItem\",\"position\":3,\"name\":\"Torre de resfriamento ar condicionado\"}]},{\"@type\":\"WebSite\",\"@id\":\"https:\/\/www.alfaterm.com.br\/#website\",\"url\":\"https:\/\/www.alfaterm.com.br\/\",\"name\":\"Bem-vindo \u00e0 ALFATERM\",\"description\":\"\",\"publisher\":{\"@id\":\"https:\/\/www.alfaterm.com.br\/#organization\"},\"potentialAction\":[{\"@type\":\"SearchAction\",\"target\":{\"@type\":\"EntryPoint\",\"urlTemplate\":\"https:\/\/www.alfaterm.com.br\/?s={search_term_string}\"},\"query-input\":{\"@type\":\"PropertyValueSpecification\",\"valueRequired\":true,\"valueName\":\"search_term_string\"}}],\"inLanguage\":\"en-US\"},{\"@type\":\"Organization\",\"@id\":\"https:\/\/www.alfaterm.com.br\/#organization\",\"name\":\"Bem-vindo \u00e0 ALFATERM\",\"url\":\"https:\/\/www.alfaterm.com.br\/\",\"logo\":{\"@type\":\"ImageObject\",\"inLanguage\":\"en-US\",\"@id\":\"https:\/\/www.alfaterm.com.br\/#\/schema\/logo\/image\/\",\"url\":\"https:\/\/www.alfaterm.com.br\/wp-content\/uploads\/2024\/07\/logo-alfaterm.png\",\"contentUrl\":\"https:\/\/www.alfaterm.com.br\/wp-content\/uploads\/2024\/07\/logo-alfaterm.png\",\"width\":393,\"height\":45,\"caption\":\"Bem-vindo \u00e0 ALFATERM\"},\"image\":{\"@id\":\"https:\/\/www.alfaterm.com.br\/#\/schema\/logo\/image\/\"}}]}<\/script>\n<!-- \/ Yoast SEO Premium plugin. -->","yoast_head_json":{"title":"Torre de resfriamento ar condicionado - Bem-vindo \u00e0 ALFATERM","robots":{"index":"index","follow":"follow","max-snippet":"max-snippet:-1","max-image-preview":"max-image-preview:large","max-video-preview":"max-video-preview:-1"},"canonical":"https:\/\/www.alfaterm.com.br\/en\/informacoes\/torre-resfriamento-ar-condicionado\/","og_locale":"en_US","og_type":"article","og_title":"Torre de resfriamento ar condicionado","og_description":"Partindo do ponto de vista ecol\u00f3gico e econ\u00f4mico, a \u00e1gua proveniente dos processos de resfriamento n\u00e3o pode ser usada apenas uma vez e ser descartada nos rios ou esgotos, por isso, para a recupera\u00e7\u00e3o de \u00e1gua a solu\u00e7\u00e3o ideal \u00e9 a&nbsp;torre de resfriamento ar condicionado. A&nbsp;torre de resfriamento ar condicionado&nbsp;\u00e9 composta por ventiladores ou h\u00e9lices, [&hellip;]","og_url":"https:\/\/www.alfaterm.com.br\/en\/informacoes\/torre-resfriamento-ar-condicionado\/","og_site_name":"Bem-vindo \u00e0 ALFATERM","article_modified_time":"2024-09-09T08:14:04+00:00","og_image":[{"width":800,"height":1200,"url":"https:\/\/www.alfaterm.com.br\/wp-content\/uploads\/2024\/09\/conserto-torre-resfriamento.webp","type":"image\/webp"}],"twitter_card":"summary_large_image","twitter_misc":{"Est. reading time":"2 minutes"},"schema":{"@context":"https:\/\/schema.org","@graph":[{"@type":"WebPage","@id":"https:\/\/www.alfaterm.com.br\/informacoes\/torre-resfriamento-ar-condicionado\/","url":"https:\/\/www.alfaterm.com.br\/informacoes\/torre-resfriamento-ar-condicionado\/","name":"Torre de resfriamento ar condicionado - Bem-vindo \u00e0 ALFATERM","isPartOf":{"@id":"https:\/\/www.alfaterm.com.br\/#website"},"primaryImageOfPage":{"@id":"https:\/\/www.alfaterm.com.br\/informacoes\/torre-resfriamento-ar-condicionado\/#primaryimage"},"image":{"@id":"https:\/\/www.alfaterm.com.br\/informacoes\/torre-resfriamento-ar-condicionado\/#primaryimage"},"thumbnailUrl":"https:\/\/www.alfaterm.com.br\/wp-content\/uploads\/2024\/09\/conserto-torre-resfriamento.webp","datePublished":"2024-09-02T11:26:06+00:00","dateModified":"2024-09-09T08:14:04+00:00","breadcrumb":{"@id":"https:\/\/www.alfaterm.com.br\/informacoes\/torre-resfriamento-ar-condicionado\/#breadcrumb"},"inLanguage":"en-US","potentialAction":[{"@type":"ReadAction","target":["https:\/\/www.alfaterm.com.br\/informacoes\/torre-resfriamento-ar-condicionado\/"]}]},{"@type":"ImageObject","inLanguage":"en-US","@id":"https:\/\/www.alfaterm.com.br\/informacoes\/torre-resfriamento-ar-condicionado\/#primaryimage","url":"https:\/\/www.alfaterm.com.br\/wp-content\/uploads\/2024\/09\/conserto-torre-resfriamento.webp","contentUrl":"https:\/\/www.alfaterm.com.br\/wp-content\/uploads\/2024\/09\/conserto-torre-resfriamento.webp","width":800,"height":1200},{"@type":"BreadcrumbList","@id":"https:\/\/www.alfaterm.com.br\/informacoes\/torre-resfriamento-ar-condicionado\/#breadcrumb","itemListElement":[{"@type":"ListItem","position":1,"name":"Home","item":"https:\/\/www.alfaterm.com.br\/"},{"@type":"ListItem","position":2,"name":"Informa\u00e7\u00f5es","item":"https:\/\/www.alfaterm.com.br\/informacoes\/"},{"@type":"ListItem","position":3,"name":"Torre de resfriamento ar condicionado"}]},{"@type":"WebSite","@id":"https:\/\/www.alfaterm.com.br\/#website","url":"https:\/\/www.alfaterm.com.br\/","name":"Bem-vindo \u00e0 ALFATERM","description":"","publisher":{"@id":"https:\/\/www.alfaterm.com.br\/#organization"},"potentialAction":[{"@type":"SearchAction","target":{"@type":"EntryPoint","urlTemplate":"https:\/\/www.alfaterm.com.br\/?s={search_term_string}"},"query-input":{"@type":"PropertyValueSpecification","valueRequired":true,"valueName":"search_term_string"}}],"inLanguage":"en-US"},{"@type":"Organization","@id":"https:\/\/www.alfaterm.com.br\/#organization","name":"Bem-vindo \u00e0 ALFATERM","url":"https:\/\/www.alfaterm.com.br\/","logo":{"@type":"ImageObject","inLanguage":"en-US","@id":"https:\/\/www.alfaterm.com.br\/#\/schema\/logo\/image\/","url":"https:\/\/www.alfaterm.com.br\/wp-content\/uploads\/2024\/07\/logo-alfaterm.png","contentUrl":"https:\/\/www.alfaterm.com.br\/wp-content\/uploads\/2024\/07\/logo-alfaterm.png","width":393,"height":45,"caption":"Bem-vindo \u00e0 ALFATERM"},"image":{"@id":"https:\/\/www.alfaterm.com.br\/#\/schema\/logo\/image\/"}}]}},"_links":{"self":[{"href":"https:\/\/www.alfaterm.com.br\/en\/wp-json\/wp\/v2\/pages\/2263","targetHints":{"allow":["GET"]}}],"collection":[{"href":"https:\/\/www.alfaterm.com.br\/en\/wp-json\/wp\/v2\/pages"}],"about":[{"href":"https:\/\/www.alfaterm.com.br\/en\/wp-json\/wp\/v2\/types\/page"}],"author":[{"embeddable":true,"href":"https:\/\/www.alfaterm.com.br\/en\/wp-json\/wp\/v2\/users\/1"}],"replies":[{"embeddable":true,"href":"https:\/\/www.alfaterm.com.br\/en\/wp-json\/wp\/v2\/comments?post=2263"}],"version-history":[{"count":0,"href":"https:\/\/www.alfaterm.com.br\/en\/wp-json\/wp\/v2\/pages\/2263\/revisions"}],"up":[{"embeddable":true,"href":"https:\/\/www.alfaterm.com.br\/en\/wp-json\/wp\/v2\/pages\/2144"}],"wp:featuredmedia":[{"embeddable":true,"href":"https:\/\/www.alfaterm.com.br\/en\/wp-json\/wp\/v2\/media\/2228"}],"wp:attachment":[{"href":"https:\/\/www.alfaterm.com.br\/en\/wp-json\/wp\/v2\/media?parent=2263"}],"curies":[{"name":"wp","href":"https:\/\/api.w.org\/{rel}","templated":true}]}}